{"id":26127,"date":"2026-04-30T11:21:49","date_gmt":"2026-04-30T09:21:49","guid":{"rendered":"https:\/\/www.mio.osupytheas.fr\/?post_type=appel_offre&#038;p=26127"},"modified":"2026-04-30T11:27:52","modified_gmt":"2026-04-30T09:27:52","slug":"region-sud-appel-a-projets-sud-recherche-et-attractivite","status":"publish","type":"appel_offre","link":"https:\/\/www.mio.osupytheas.fr\/en\/appel_offre\/region-sud-appel-a-projets-sud-recherche-et-attractivite\/","title":{"rendered":"R\u00e9gion Sud &#8211; Appel \u00e0 projets \u00ab\u00a0Sud Recherche et Attractivit\u00e9\u00a0\u00bb"},"content":{"rendered":"<h4 style=\"text-align: justify;\"><strong>A l&#8217;attention des personnels du MIO<\/strong><\/h4>\r\n<p style=\"text-align: justify;\">La R\u00e9gion Sud Provence-Alpes-C\u00f4te d&#8217;Azur vient de publier l&#8217;<a href=\"https:\/\/www.maregionsud.fr\/vos-aides\/detail\/appel-a-projets-sud-recherche-et-attractivite\" target=\"_blank\" rel=\"noopener\">appel \u00e0 projets \u00ab\u00a0<em>Sud Recherche et Attractivit\u00e9<\/em>\u00a0\"<\/a> qui remplace d\u00e9sormais l&#8217;ancien Appel \u00e0 Projets R\u00e9gion (APR).<\/p>\r\n<p style=\"text-align: justify;\">Ce dispositif s&#8217;articule autour de trois volets :<\/p>\r\n\r\n<ul style=\"text-align: justify;\">\r\n \t<li>SYNERGIE\u00a0: ce volet vise \u00e0 soutenir l&#8217;<strong>acquisition d&#8217;\u00e9quipements de pointe structurants mutualis\u00e9s<\/strong> dans des projets de recherche interinstitutionnels et\/ou interdisciplinaires, des plateformes technologiques mutualis\u00e9es,<\/li>\r\n \t<li>EMERGENT\u00a0: ce volet vise \u00e0 soutenir l&#8217;<strong>acquisition d&#8217;\u00e9quipements de pointe<\/strong> dans le cadre de projets de recherche \u00e9mergents \u00e0 fort potentiel d&#8217;innovation,<\/li>\r\n \t<li>ATTRACTIVIT\u00c9 DES TALENTS\u00a0: ce volet vise \u00e0 <strong>accompagner l&#8217;installation ou le maintien de talents scientifiques<\/strong>, \u00e0 travers le financement d&#8217;\u00e9quipements d\u00e9di\u00e9s \u00e0 des chaires de recherche junior ou senior, contribuant \u00e0 renforcer l&#8217;attractivit\u00e9 et la p\u00e9rennit\u00e9 des comp\u00e9tences sur le territoire.<\/li>\r\n<\/ul>\r\n&nbsp;\r\n<p style=\"text-align: justify;\">Cette nouvelle \u00e9dition r\u00e9affirme la priorit\u00e9 donn\u00e9e par la R\u00e9gion Sud aux <strong>grandes th\u00e9matiques r\u00e9gionales<\/strong>, notamment le <strong>climat<\/strong>, en coh\u00e9rence avec le <a href=\"https:\/\/actes.maregionsud.fr\/actes\/php\/consulter_fichier.php?POS_NUM_DOC=23600&amp;POS_NUM_PAGE=2&amp;POS_NUM_SSPAGE=0\" target=\"_blank\" rel=\"noopener\">3\u1d49 Plan Climat \u00ab Continuons notre COP d&#8217;avance<\/a> \u00bb, ainsi que la <strong>health<\/strong> (avec un traitement sp\u00e9cifique de la <a href=\"https:\/\/actes.maregionsud.fr\/actes\/php\/consulter_fichier.php?POS_NUM_DOC=1019&amp;POS_NUM_PAGE=2&amp;POS_NUM_SSPAGE=0\" target=\"_blank\" rel=\"noopener\">canc\u00e9rologie<\/a>), et les <strong>enjeux de d\u00e9fense et de s\u00e9curit\u00e9<\/strong>, en lien avec le <a href=\"https:\/\/actes.maregionsud.fr\/actes\/php\/consulter_fichier.php?POS_NUM_DOC=23596&amp;POS_NUM_PAGE=2&amp;POS_NUM_SSPAGE=0\" target=\"_blank\" rel=\"noopener\">Plan SUD D\u00e9fense<\/a>.<\/p>\r\n<p style=\"text-align: justify;\">Une attention particuli\u00e8re sera \u00e9galement port\u00e9e aux projets int\u00e9grant l&#8217;<a href=\"https:\/\/actes.maregionsud.fr\/actes\/php\/consulter_fichier.php?POS_NUM_DOC=22529&amp;POS_NUM_PAGE=3&amp;POS_NUM_SSPAGE=0\" target=\"_blank\" rel=\"noopener\"><strong>intelligence artificielle<\/strong><\/a>, levier transversal du dispositif, ainsi qu&#8217;aux initiatives port\u00e9es par les <strong>\u00e9coles d&#8217;ing\u00e9nieurs<\/strong>, en coh\u00e9rence avec le <a href=\"https:\/\/actes.maregionsud.fr\/actes\/php\/consulter_fichier.php?POS_NUM_DOC=22535&amp;POS_NUM_PAGE=5&amp;POS_NUM_SSPAGE=0\" target=\"_blank\" rel=\"noopener\">Plan Sud Ing\u00e9nieurs<\/a>. Le rattachement aux <strong>fili\u00e8res strat\u00e9giques et technologies cl\u00e9s du <\/strong><a href=\"https:\/\/www.prefectures-regions.gouv.fr\/content\/download\/106934\/676587\/file\/SRDEII%202022-2028%20d%C3%A9lib%C3%A9r%C3%A9.pdf\" target=\"_blank\" rel=\"noopener\"><strong>SRDEII<\/strong><\/a> demeure \u00e9galement un crit\u00e8re important de priorisation.<\/p>\r\n<p style=\"text-align: justify;\">Vous trouverez\u00a0sur le lien suivant\u00a0: <a href=\"https:\/\/amubox.univ-amu.fr\/s\/7FqK3Nw4WQZrdtr\" target=\"_blank\" rel=\"noopener\">https:\/\/amubox.univ-amu.fr\/aprs_lancement<\/a><\/p>\r\n\r\n<ul style=\"text-align: justify;\">\r\n \t<li>le cadre d&#8217;intervention 2026,<\/li>\r\n \t<li>les formulaires de candidature\u00a0par volet.<\/li>\r\n<\/ul>\r\n&nbsp;\r\n<p style=\"text-align: justify;\">Pour les personnels du MIO, les dossiers devront \u00eatre envoy\u00e9s au plus tard le<strong> 7 mai 2026<\/strong> avant midi \u00e0 l&#8217;adresse : <a href=\"mailto:direction-mio@mio.osupytheas.fr\" target=\"_blank\" rel=\"noopener\">direction-mio@mio.osupytheas.fr<\/a> and <a href=\"mailto:pascal.lesage@mio.osupytheas.fr\" target=\"_blank\" rel=\"noopener\">Pascal Lesage<\/a>.<\/p>\r\n<p style=\"text-align: justify;\">Veuillez noter que seuls les dossiers d\u00e9pos\u00e9s par l&#8217;\u00e9tablissement ayant \u00e9t\u00e9 class\u00e9s par la Commission de la Recherche (CR) AMU seront pris en compte par la R\u00e9gion.<\/p>","protected":false},"parent":0,"template":"","categorie":[],"class_list":["post-26127","appel_offre","type-appel_offre","status-publish","hentry"],"acf":{"date_limite":"20260507","id_old":""},"_links":{"self":[{"href":"https:\/\/www.mio.osupytheas.fr\/en\/wp-json\/wp\/v2\/appel_offre\/26127","targetHints":{"allow":["GET"]}}],"collection":[{"href":"https:\/\/www.mio.osupytheas.fr\/en\/wp-json\/wp\/v2\/appel_offre"}],"about":[{"href":"https:\/\/www.mio.osupytheas.fr\/en\/wp-json\/wp\/v2\/types\/appel_offre"}],"wp:attachment":[{"href":"https:\/\/www.mio.osupytheas.fr\/en\/wp-json\/wp\/v2\/media?parent=26127"}],"wp:term":[{"taxonomy":"categorie","embeddable":true,"href":"https:\/\/www.mio.osupytheas.fr\/en\/wp-json\/wp\/v2\/categorie?post=26127"}],"curies":[{"name":"wp","href":"https:\/\/api.w.org\/{rel}","templated":true}]}}