{"id":29450,"date":"2026-08-25T13:26:12","date_gmt":"2026-08-25T11:26:12","guid":{"rendered":"https:\/\/www.mio.osupytheas.fr\/?post_type=appel_offre&#038;p=29450"},"modified":"2026-08-31T03:32:13","modified_gmt":"2026-08-31T01:32:13","slug":"france-2030-pepr-climat-traccs-transformer-la-modelisation-du-climat-pour-les-services-climatiques-appel-a-projets-2026","status":"publish","type":"appel_offre","link":"https:\/\/www.mio.osupytheas.fr\/en\/appel_offre\/france-2030-pepr-climat-traccs-transformer-la-modelisation-du-climat-pour-les-services-climatiques-appel-a-projets-2026\/","title":{"rendered":"France 2030 &#8211; PEPR Climat TRACCS &#8220;Transformer la mod\u00e9lisation du climat pour les services climatiques&#8221; &#8211; Appel \u00e0 projets &#8211; 2026"},"content":{"rendered":"<p style=\"text-align: justify;\">La date limite de d\u00e9p\u00f4t des lettres d\u2019intention, initialement pr\u00e9vue le <strong>3 septembre 2026<\/strong> \u00e0 11h00, est d\u00e9sormais fix\u00e9e au<strong> 17 September 2026<\/strong> \u00e0 11h00 (CEST). La date limite de d\u00e9p\u00f4t des projets, initialement pr\u00e9vue le <strong>26 November 2026<\/strong> \u00e0 11h00, est d\u00e9sormais fix\u00e9e au <strong>15 d\u00e9cembre 2026<\/strong> \u00e0 11h00 (CET).<\/p>\r\n<p style=\"text-align: justify;\">Le pr\u00e9sent appel \u00e0 projets s\u2019articule autour de trois axes th\u00e9matiques :<\/p>\r\n\r\n<ul style=\"text-align: justify;\">\r\n \t<li>Synergies entre observations et mod\u00e9lisation pour l\u2019\u00e9tude de l\u2019\u00e9volution du climat et le d\u00e9veloppement des services climatiques<\/li>\r\n \t<li>Approches innovantes pour la mod\u00e9lisation climatique, l\u2019\u00e9tude des impacts et risques, et le d\u00e9veloppement des services climatiques<\/li>\r\n \t<li>\u00c9valuation et am\u00e9lioration de l\u2019efficacit\u00e9 des services climatiques pour l\u2019adaptation au changement climatique<\/li>\r\n<\/ul>\r\n&nbsp;\r\n<p style=\"text-align: justify;\">Au sein de cet appel, deux instruments de financement sont ouverts :<\/p>\r\n\r\n<ul style=\"text-align: justify;\">\r\n \t<li>des projets collaboratifs ambitieux, pour un montant de l&#8217;aide allou\u00e9e entre 500k\u20ac et 1M\u20ac par projet, d&#8217;une dur\u00e9e maximale de 4 ans<\/li>\r\n \t<li>des projets de type \u00ab projet personnel de d\u00e9but de carri\u00e8re \u00bb (&#8220;early career fellowship&#8221;), dont le montant de l&#8217;aide sera compris entre 300k\u20ac et 400k\u20ac par projet et pour une dur\u00e9e entre 3 et 4 ans (\u00e0 titre indicatif un maximum de quatre projets de ce type pourront \u00eatre financ\u00e9s).<\/li>\r\n<\/ul>\r\n&nbsp;\r\n<p style=\"text-align: justify;\">Les b\u00e9n\u00e9ficiaires sont les organismes de recherche et les \u00e9tablissements d\u2019enseignement sup\u00e9rieur et de recherche. Les entreprises et les \u00e9tablissements \u00e9trangers pourront avoir le statut d&#8217;\u00c9tablissement partenaire dans les projets, mais ne b\u00e9n\u00e9ficieront pas de financement au titre de cette participation. Le volume total d&#8217;aide maximal pour ce deuxi\u00e8me AAP du PEPR Climat TRACCS est d\u2019environ 3 M\u20ac.<\/p>\r\n<p style=\"text-align: justify;\">L&#8217;appel \u00e0 projets se d\u00e9roulera en 2 phases.<\/p>\r\n<p style=\"text-align: justify;\">Dans une premi\u00e8re phase, obligatoire, des lettres d\u2019intention de deux pages sont demand\u00e9es, sur la base desquelles un nombre r\u00e9duit de propositions de projets sera retenu apr\u00e8s \u00e9valuation par un comit\u00e9 d\u2019\u00e9valuation interne du PEPR Climat TRACCS. Dans une seconde phase, les projets pr\u00e9s\u00e9lectionn\u00e9s en phase 1 seront appel\u00e9s \u00e0 d\u00e9poser des projets complets, qui seront \u00e9valu\u00e9s par un comit\u00e9 d\u2019experts internationaux mis en place par l\u2019ANR.<\/p>\r\n&nbsp;\r\n<h4 style=\"text-align: justify;\"><a href=\"https:\/\/anr.fr\/fr\/france-2030\/france2030\/call\/france-2030-pepr-climat-traccs-transformer-la-modelisation-du-climat-pour-les-services-climatique\/\" target=\"_blank\" rel=\"noopener\"><strong>More information<\/strong><\/a><\/h4>","protected":false},"parent":0,"template":"","categorie":[],"class_list":["post-29450","appel_offre","type-appel_offre","status-publish","hentry"],"acf":{"date_limite":"20260917","id_old":""},"_links":{"self":[{"href":"https:\/\/www.mio.osupytheas.fr\/en\/wp-json\/wp\/v2\/appel_offre\/29450","targetHints":{"allow":["GET"]}}],"collection":[{"href":"https:\/\/www.mio.osupytheas.fr\/en\/wp-json\/wp\/v2\/appel_offre"}],"about":[{"href":"https:\/\/www.mio.osupytheas.fr\/en\/wp-json\/wp\/v2\/types\/appel_offre"}],"wp:attachment":[{"href":"https:\/\/www.mio.osupytheas.fr\/en\/wp-json\/wp\/v2\/media?parent=29450"}],"wp:term":[{"taxonomy":"categorie","embeddable":true,"href":"https:\/\/www.mio.osupytheas.fr\/en\/wp-json\/wp\/v2\/categorie?post=29450"}],"curies":[{"name":"wp","href":"https:\/\/api.w.org\/{rel}","templated":true}]}}