{"id":7143,"date":"2018-10-29T13:47:50","date_gmt":"2018-10-29T12:47:50","guid":{"rendered":"https:\/\/www.mio.osupytheas.fr\/fr\/archive_page\/audiovisuel\/"},"modified":"2024-12-11T10:32:42","modified_gmt":"2024-12-11T09:32:42","slug":"audiovisual-archive","status":"publish","type":"archive_page","link":"https:\/\/www.mio.osupytheas.fr\/en\/audiovisuel-archive\/","title":{"rendered":"Audiovisual"},"content":{"rendered":"<div id=\"basic-page-content\" class=\"page-content\">\r\n<div class=\"content\">\r\n<div class=\"container-fluid\">\r\n<div class=\"row\">\r\n<div class=\"container clearfix\">\r\n<div class=\"row\">\r\n<div class=\"col-xs-12\"><\/div>\r\n<\/div>\r\n<\/div>\r\n<div class=\"paragraphs\">\r\n<div class=\"paragraphs-items paragraphs-items-field-paragraphs paragraphs-items-field-paragraphs-full paragraphs-items-full\">\r\n<div class=\"field field-name-field-paragraphs field-type-paragraphs field-label-hidden\">\r\n<div class=\"field-items\">\r\n<div class=\"field-item even\"><section class=\"paragraph-section paragraph-texte-colonnes paragraph-texte-trois-colonnes paragraph-bleu\">\r\n<div class=\"container-fluid\">\r\n<div class=\"row\">\r\n<div class=\"paragraph-title paragraph-title-center\">\r\n<h2>Our Black Carbon activities in Vietnam<\/h2>\r\n<\/div>\r\n<div class=\"flex-wrapper\">\r\n<div class=\"item texte-wrapper\">\r\n<div class=\"paragraph-content\">\r\n<h3><span style=\"color: #e6e6fa;\">What is black carbon?<\/span><\/h3>\r\n<div class=\"video-background\"><iframe title=\"YouTube video player\" src=\"https:\/\/www.youtube.com\/embed\/br72QAvSNxQ\" width=\"560\" height=\"315\" frameborder=\"0\" allowfullscreen=\"allowfullscreen\"> <\/iframe><\/div>\r\n<\/div>\r\n<\/div>\r\n<div class=\"item texte-wrapper\">\r\n<div class=\"paragraph-content\">\r\n<h3><span style=\"color: #e6e6fa;\">Black carbon, the ultimate polluter<\/span><\/h3>\r\n<div class=\"video-background\"><iframe title=\"YouTube video player\" src=\"https:\/\/www.youtube.com\/embed\/MlGuvu4Ypic\" width=\"560\" height=\"315\" frameborder=\"0\" allowfullscreen=\"allowfullscreen\"> <\/iframe><\/div>\r\n<\/div>\r\n<\/div>\r\n<div class=\"item texte-wrapper\">\r\n<div class=\"paragraph-content\">\r\n<h3><span style=\"color: #e6e6fa;\">Black carbon, a challenge without borders<\/span><\/h3>\r\n<div class=\"video-background\"><iframe title=\"YouTube video player\" src=\"https:\/\/www.youtube.com\/embed\/yGpqyMHbomU\" width=\"560\" height=\"315\" frameborder=\"0\" allowfullscreen=\"allowfullscreen\"> <\/iframe><\/div>\r\n<\/div>\r\n<\/div>\r\n<\/div>\r\n<\/div>\r\n<\/div>\r\n<\/section><\/div>\r\n<div class=\"field-item odd\"><section class=\"paragraph-section paragraph-texte-simple paragraph-blanc\">\r\n<div class=\"container\">\r\n<div class=\"paragraph-content\">\r\n<h3>Wave dynamics on the rocks of the Basque Country<\/h3>\r\nPhysical oceanography! Discover the dynamics of waves on the rocks of the Basque Country with Damien Sous (MIO - UTLN - UPPA).\r\n<div class=\"video-background\"><iframe title=\"YouTube video player\" src=\"https:\/\/www.youtube.com\/embed\/fnitkU4nJ0M\" width=\"560\" height=\"315\" frameborder=\"0\" allowfullscreen=\"allowfullscreen\"> <\/iframe><\/div>\r\nProduction-Direction: Kestu\/Gabriel Courty-Villanur\r\n\r\n<\/div>\r\n<\/div>\r\n<\/section><\/div>\r\n<div class=\"field-item even\"><section class=\"paragraph-section paragraph-texte-simple paragraph-gris\">\r\n<div class=\"container\">\r\n<div class=\"paragraph-content\">\r\n<h3>Saupe qui peut: a film to help you feel better about what you eat<\/h3>\r\n<p class=\"rtejustify\">Our plates reflect our links with biodiversity. Short supply chains, sustainable fishing, rediscovering forgotten species: there are many ways to eat in a way that respects life. That's the whole point of the film \"Saupe qui peut! This documentary, produced by the Bouillabaisse Turfu association and the Parc national des Calanques, gives us ideas on how to eat better. The documentary brings together chef Christian Qui, founder of Bouillabaisse Turfu, Sandrine Ruitton, a scientist at the Institut M\u00e9diterran\u00e9en d'Oc\u00e9anologie (MIO) and Achraf Stifine, a fisherman from Marseilles. By bringing together cuisine, small-scale fishing and marine biodiversity, it encourages consumers to cook a forgotten or even unloved species: the saupe, a herbivorous fish that is fairly abundant in the Mediterranean. Following a preview screening at the World Conservation Congress last September, the public release of this film in 2022 marks the National Park's entry into the UN's \"International Year of Small-scale Fishing and Aquaculture\".<\/p>\r\n\r\n<div class=\"video-background\"><iframe title=\"YouTube video player\" src=\"https:\/\/www.youtube.com\/embed\/ThhoUtAB8ao\" width=\"560\" height=\"315\" frameborder=\"0\" allowfullscreen=\"allowfullscreen\"> <\/iframe><\/div>\r\n<\/div>\r\n<\/div>\r\n<\/section><\/div>\r\n<div class=\"field-item odd\"><section class=\"paragraph-section paragraph-texte-simple paragraph-bleu\">\r\n<div class=\"container\">\r\n<div class=\"paragraph-content\">\r\n<h3><span style=\"color: #e6e6fa;\">Knowing and understanding in order to find sustainable solutions<\/span><\/h3>\r\nFrance 3 Provence - Cot\u00e9 Mer: Focus on the IRD!\r\n\r\nLaurie Casalot, MIO-IRD microbiologist, talks about bioluminescent bacteria (from 2'25\")\r\n<div class=\"video-background\"><iframe src=\"\/\/embedftv-a.akamaihd.net\/fd0e55915930e7b81a85fcd9feb2534a\" width=\"560\" height=\"315\" frameborder=\"0\" scrolling=\"no\" allowfullscreen=\"allowfullscreen\"> <\/iframe><\/div>\r\n<\/div>\r\n<\/div>\r\n<\/section><\/div>\r\n<div class=\"field-item even\"><section class=\"paragraph-section paragraph-texte-simple paragraph-blanc\">\r\n<div class=\"container\">\r\n<div class=\"paragraph-content\">\r\n<h3>Invasive red algae detected off Port-Cros island<\/h3>\r\n<h4>France 2 - Journal de 13h00 - Edition of Friday 28 January 2022 (from 15'00\")<\/h4>\r\nLophocladia lallemandii, an invasive filamentous red alga native to the Red Sea and Indian Ocean, has been detected for the first time in the waters of the Port-Cros National Park by researchers from the Mediterranean Institute of Oceanology (MIO).\r\n\r\n<a href=\"https:\/\/www.france.tv\/france-2\/journal-13h00\/3034187-edition-du-vendredi-28-janvier-2022.html\" target=\"_blank\" rel=\"noopener\">Sandrine Ruitton and Charles-Fran\u00e7ois Boudouresque (MIO) tell us more about its possible impact in this report.<\/a>.\r\n\r\n<\/div>\r\n<\/div>\r\n<\/section><\/div>\r\n<div class=\"field-item odd\"><section class=\"paragraph-section paragraph-texte-simple paragraph-gris\">\r\n<div class=\"container\">\r\n<div class=\"paragraph-content\">\r\n<h3>BFM Var - Toulon: the BathyBot robot explores the deep sea<\/h3>\r\n<p class=\"rtecenter\"><a href=\"https:\/\/www.bfmtv.com\/var\/replay-emissions\/bonjour-var\/toulon-le-robot-bathy-bot-explore-les-abysses_VN-202201250110.html\" target=\"_blank\" rel=\"noopener\"><img fetchpriority=\"high\" decoding=\"async\" style=\"width: 754px; height: 331px;\" src=\"\/wp-content\/uploads\/ancien-site\/images\/capture_6.png\" alt=\"\" width=\"754\" height=\"331\" \/><\/a><\/p>\r\n\r\n<h4><a href=\"https:\/\/www.bfmtv.com\/var\/replay-emissions\/bonjour-var\/toulon-le-robot-bathy-bot-explore-les-abysses_VN-202201250110.html\" target=\"_blank\" rel=\"noopener\">Read the video<\/a><\/h4>\r\n<\/div>\r\n<\/div>\r\n<\/section><\/div>\r\n<div class=\"field-item even\"><section class=\"paragraph-section paragraph-texte-simple paragraph-bleu\">\r\n<div class=\"container\">\r\n<div class=\"paragraph-content\">\r\n<h3><span style=\"color: #e6e6fa;\">The eyes of the sea: the Bathybot robot will dive into the darkness of the Mediterranean abyss - Podcast France Inter<\/span><\/h3>\r\nA small robot called Bathybot is going to dive more than 2.5 kilometres to the bottom of the Mediterranean, where no light penetrates. Its mission: to make an inventory of the organisms in the depths, and reveal the mysteries of bioluminescence.\r\n<p class=\"rtecenter\"><a href=\"https:\/\/www.franceinter.fr\/emissions\/le-zoom-de-la-redaction\/le-zoom-de-la-redaction-du-lundi-24-janvier-2022\" target=\"_blank\" rel=\"noopener\"><img decoding=\"async\" style=\"width: 1000px; height: 750px;\" src=\"\/wp-content\/uploads\/ancien-site\/images\/Documents\/cover-r4x3w1000-61e1d0e958712-df1e43cb3d6e7776262a3bb66a9989bc243d690e-jpg.jpg\" alt=\"\" width=\"1000\" height=\"750\" \/><\/a><\/p>\r\n<p class=\"rtecenter\"><em>Photo: Testing the Bathybot underwater robot in Toulon on 13 January 2022\r\nCredit: AFP - Nicolas TUCAT<\/em><\/p>\r\n\r\n<h4><\/h4>\r\n<h4><a href=\"https:\/\/www.franceinter.fr\/emissions\/le-zoom-de-la-redaction\/le-zoom-de-la-redaction-du-lundi-24-janvier-2022\" target=\"_blank\" rel=\"noopener\">Listen to the Podcast<\/a><\/h4>\r\n<p class=\"rtecenter\"><\/p>\r\n\r\n<\/div>\r\n<\/div>\r\n<\/section><\/div>\r\n<div class=\"field-item odd\"><section class=\"paragraph-section paragraph-texte-simple paragraph-blanc\">\r\n<div class=\"container\">\r\n<div class=\"paragraph-content\">\r\n<h3>BathyBot\/BJS connection<\/h3>\r\nTests of the BathyBot connection procedure to the secondary junction box (BJS). First test carried out by a diver in January 2020. The Nautile submarine will carry out the same procedures during the EMSO-LO BathyCruise campaign in February 2022.\r\n<div class=\"video-background\"><iframe title=\"YouTube video player\" src=\"https:\/\/www.youtube.com\/embed\/b85vZt8g1qs\" width=\"560\" height=\"315\" frameborder=\"0\" allowfullscreen=\"allowfullscreen\"> <\/iframe><\/div>\r\n<\/div>\r\n<\/div>\r\n<\/section><\/div>\r\n<div class=\"field-item even\"><section class=\"paragraph-section paragraph-texte-simple paragraph-gris\">\r\n<div class=\"container\">\r\n<div class=\"paragraph-content\">\r\n<h3>Bathy'illusions<\/h3>\r\nPoetic encounter between BathyBot\/BathyReef (@bathybot) and Cl\u00e9mentine Marie (@Clem_Mry on twitter)\r\n<div class=\"video-background\"><iframe title=\"YouTube video player\" src=\"https:\/\/www.youtube.com\/embed\/zbuU_4DDf9U\" width=\"560\" height=\"315\" frameborder=\"0\" allowfullscreen=\"allowfullscreen\"> <\/iframe><\/div>\r\n<\/div>\r\n<\/div>\r\n<\/section><\/div>\r\n<div class=\"field-item odd\"><section class=\"paragraph-section paragraph-texte-simple paragraph-bleu\">\r\n<div class=\"container\">\r\n<div class=\"paragraph-content\">\r\n<h3 class=\"rtejustify\"><span style=\"color: #e6e6fa;\">Protecting biodiversity: on the road to zero plastic waste<\/span><\/h3>\r\n<p class=\"rtejustify\">Richard Semp\u00e9r\u00e9, Director of the Institut des Sciences de l'Oc\u00e9an AMU and member of the MIO,<a href=\"https:\/\/cutt.ly\/nE4vj6N\" target=\"_blank\" rel=\"noopener\"> <span style=\"color: #e6e6fa;\">spoke on BFMTV Marseille at the IUCN Congress<\/span><\/a> on the degradation of plastic as part of the ambitious project by the Sud Provence-Alpes-C\u00f4te d'Azur Region to achieve zero plastic waste by 2030<\/p>\r\n<p class=\"rtecenter\"><a href=\"https:\/\/cutt.ly\/nE4vj6N\" target=\"_blank\" rel=\"noopener\"><img decoding=\"async\" style=\"width: 708px; height: 394px;\" src=\"\/wp-content\/uploads\/ancien-site\/images\/capture_5.png\" alt=\"\" width=\"708\" height=\"394\" \/><\/a>\r\n<\/p>\r\n\r\n<\/div>\r\n<\/div>\r\n<\/section><\/div>\r\n<div class=\"field-item even\"><section class=\"paragraph-section paragraph-texte-simple paragraph-blanc\">\r\n<div class=\"container\">\r\n<div class=\"paragraph-content\">\r\n<h3>Marine biodiversity: how can we preserve the Posidonia meadow?<\/h3>\r\n<p class=\"rtejustify\">In the Mediterranean, a large part of the biodiversity develops on the seabed between 0 and 50 metres. It is at this depth that we find the Posidonia meadow, a flowering plant endemic to this sea, a veritable nursery for the Mediterranean marine world.<\/p>\r\n<a href=\"https:\/\/www.franceinter.fr\/emissions\/la-terre-au-carre\/la-terre-au-carre-du-mercredi-08-septembre-2021\" target=\"_blank\" rel=\"noopener\">Meet our colleague Sandrine Ruitton, guest on the programme La Terre au Carr\u00e9 on Wednesday 8 September 2021.<\/a> !\r\n<p class=\"rtecenter\"><a href=\"https:\/\/www.franceinter.fr\/emissions\/la-terre-au-carre\/la-terre-au-carre-du-mercredi-08-septembre-2021\" target=\"_blank\" rel=\"noopener\"><img loading=\"lazy\" decoding=\"async\" style=\"width: 900px; height: 591px;\" src=\"\/wp-content\/uploads\/ancien-site\/resize\/images\/1136_herbier-posidonie-mer-me-diterrane-e-900x591.jpg\" alt=\"\" width=\"900\" height=\"591\" \/><\/a><\/p>\r\n\r\n<\/div>\r\n<\/div>\r\n<\/section><\/div>\r\n<div class=\"field-item odd\"><section class=\"paragraph-section paragraph-texte-simple paragraph-gris\">\r\n<div class=\"container\">\r\n<div class=\"paragraph-content\">\r\n<h3>Jacques Piazzola guest on \"C'est Excellent! - Radio Sud<\/h3>\r\nJacques Piazzola, Professor, member of the MIO and Director of the MEDD Centre at the University of Paris<a href=\"https:\/\/www.univ-tln.fr\/\" target=\"_blank\" rel=\"noopener\">Toulon University<\/a> was interviewed on 4 July by Judith Beller on <a href=\"https:\/\/www.sudradio.fr\/\" target=\"_blank\" rel=\"noopener\">Sud Radio<\/a> (from 26\u203310). There was also a nice chat with journalist Christine Kelly. The Pole MEDD, the climate field, the impact of human activity and the marine environment are in the spotlight today!\r\n<div class=\"video-background\"><iframe title=\"YouTube video player\" src=\"https:\/\/www.youtube.com\/embed\/L01tBbxAElY\" width=\"560\" height=\"315\" frameborder=\"0\" allowfullscreen=\"allowfullscreen\"> <\/iframe><\/div>\r\n<\/div>\r\n<\/div>\r\n<\/section><\/div>\r\n<div class=\"field-item even\"><section class=\"paragraph-section paragraph-texte-simple paragraph-bleu\">\r\n<div class=\"container\">\r\n<div class=\"paragraph-content\">\r\n<h3 class=\"rtejustify\"><span style=\"color: #e6e6fa;\"><strong>France Inter - Camille goes green - Ecological disaster looming in Sri Lanka<\/strong><\/span><\/h3>\r\n<p class=\"rtejustify\">The fire on board a cargo ship that had been sinking for 13 days off the Sri Lankan capital was extinguished on Tuesday 1 June thanks to an international operation. But the ship is now sinking, with fuel oil, nitric acid and millions of plastic pellets already beginning to spread. <a href=\"https:\/\/www.franceinter.fr\/emissions\/camille-passe-au-vert\/camille-passe-au-vert-02-juin-2021\" target=\"_blank\" rel=\"noopener\"><span style=\"color: #e6e6fa;\">As Damien Sous (from 2'10\"), from MIO-Universit\u00e9 de Toulon, explains, the most direct impact is from fuel oil and nitric acid!<\/span><\/a><\/p>\r\n\r\n<h3 class=\"rtejustify\"><span style=\"color: #ffffff;\"><strong>France Inter - Le club de la Terre au carr\u00e9 - the invisible world of living things, jellyfish and the decline of birds<\/strong><\/span><\/h3>\r\n<p class=\"rtejustify\">Delphine Thibault of the MIO spoke (from 38'10\") on 4 June 2021 about jellyfish and gelatinous bodies in Le club de la Terre au carr\u00e9 on <a href=\"https:\/\/www.franceinter.fr\/\" target=\"_blank\" rel=\"noopener\"><span style=\"color: #e6e6fa;\">France Inter <\/span><\/a>\r\n<a href=\"https:\/\/www.franceinter.fr\/emissions\/la-terre-au-carre\/la-terre-au-carre-04-juin-2021\" target=\"_blank\" rel=\"noopener\"><span style=\"color: #e6e6fa;\">Find out more about jellyfish, the gelatinous creatures we'll be coming across in the water this summer!<\/span><\/a><\/p>\r\n\r\n<\/div>\r\n<\/div>\r\n<\/section><\/div>\r\n<div class=\"field-item odd\"><section class=\"paragraph-section paragraph-texte-simple paragraph-gris\">\r\n<div class=\"container\">\r\n<div class=\"paragraph-content\">\r\n<h3>Interreg Marittimo SPlasH! project<\/h3>\r\n<p class=\"rtejustify\">How are microplastics transported and dispersed in the ocean? What role do beaches play? Do they act as a source, re-injecting microplastics into the ocean environment, or as a sink in which they are deposited?<\/p>\r\n<p class=\"rtejustify\"><strong>Partners<\/strong> : <a href=\"https:\/\/unige.it\/it\/\" target=\"_blank\" rel=\"noopener\">Universit\u00e0 degli Studi di Genova<\/a> <a href=\"https:\/\/www.europeanresearchinstitute.eu\/\" target=\"_blank\" rel=\"noopener\">European Research Institute Onlus<\/a> <a href=\"https:\/\/www.univ-tln.fr\/\" target=\"_blank\" rel=\"noopener\">Toulon University<\/a>\/<a href=\"https:\/\/www.mio.osupytheas.fr\/en\/\" target=\"_blank\" rel=\"noopener\">Mediterranean Institute of Oceanography MIO<\/a><\/p>\r\n<strong>Financed by<\/strong> : <a href=\"http:\/\/interreg-maritime.eu\/fr\/web\/pc-marittimo\/home\" target=\"_blank\" rel=\"noopener\">Interreg Marittimo It-Fr Maritime<\/a>\r\n<div class=\"video-background\"><iframe title=\"YouTube video player\" src=\"https:\/\/www.youtube.com\/embed\/ROhj3pbQf3o\" width=\"560\" height=\"315\" frameborder=\"0\" allowfullscreen=\"allowfullscreen\"> <\/iframe><\/div>\r\n<\/div>\r\n<\/div>\r\n<\/section><\/div>\r\n<div class=\"field-item even\"><section class=\"paragraph-section paragraph-texte-simple paragraph-blanc\">\r\n<div class=\"container\">\r\n<div class=\"paragraph-content\">\r\n<h3><strong>Project NOTION: The little sea creatures that could save our oceans<\/strong><\/h3>\r\n<p class=\"rtejustify\">The ocean helps to regulate the climate. So, in the face of global warming and ocean acidification, what role do diazotrophic plankton play in this process? Who are their allies? What are the consequences of climate change for these micro-organisms and, more importantly, for the biological activity and productivity of the oceans?<\/p>\r\n<p class=\"rtejustify\">Watch the replay of the lecture given by Mar Benavides, microbial oceanographer and researcher at the Institut M\u00e9diterran\u00e9en d'Oc\u00e9anologie (MIO\/IRD), presenting the NOTION research project she is leading.<\/p>\r\n\r\n<div class=\"video-background\"><iframe title=\"YouTube video player\" src=\"https:\/\/www.youtube.com\/embed\/SrLYmvsXxzY\" width=\"560\" height=\"315\" frameborder=\"0\" allowfullscreen=\"allowfullscreen\"> <\/iframe><\/div>\r\n<\/div>\r\n<\/div>\r\n<\/section><\/div>\r\n<div class=\"field-item odd\"><section class=\"paragraph-section paragraph-texte-colonnes paragraph-texte-deux-colonnes paragraph-bleu\">\r\n<div class=\"container-fluid\">\r\n<div class=\"row\">\r\n<div class=\"paragraph-title paragraph-title-center\">\r\n<h2>Tackling environmental problems as a matter of urgency: a series of events to alert decision-makers in South-East Asia<\/h2>\r\n<\/div>\r\n<div class=\"flex-wrapper\">\r\n<div class=\"item texte-wrapper\">\r\n<div class=\"paragraph-content\">\r\n<p class=\"rtejustify\">Xavier Mari, biogeochemist and oceanographer at IRD-MIO spoke on 22 March 2021 at the online event on air pollution entitled \"Black carbon: the dark side of human activity\". He shared with other experts the results of past and current projects, as well as solutions-based initiatives designed to mitigate air pollution and reduce emissions.<\/p>\r\n\r\n<div class=\"video-background\"><iframe title=\"YouTube video player\" src=\"https:\/\/www.youtube.com\/embed\/UPmJdfvD-8s\" width=\"560\" height=\"315\" frameborder=\"0\" allowfullscreen=\"allowfullscreen\"> <\/iframe><\/div>\r\n<\/div>\r\n<\/div>\r\n<div class=\"item texte-wrapper\">\r\n<div class=\"paragraph-content\">\r\n<p class=\"rtejustify\">Emily Strady, also a researcher at IRD-MIO, provided her expertise on the issue of plastic pollution in marine environments at the \"Leaking Cities in South-East Asia: Marine Plastic Pollution\" event. She spoke about the measures that can be taken to significantly reduce the global dumping of plastics in the oceans, particularly in South-East Asia.<\/p>\r\n\r\n<div class=\"video-background\"><iframe title=\"YouTube video player\" src=\"https:\/\/www.youtube.com\/embed\/SoyK7pQkyiQ\" width=\"560\" height=\"315\" frameborder=\"0\" allowfullscreen=\"allowfullscreen\"> <\/iframe><\/div>\r\n<\/div>\r\n<\/div>\r\n<\/div>\r\n<\/div>\r\n<\/div>\r\n<\/section><\/div>\r\n<div class=\"field-item even\"><section class=\"paragraph-section paragraph-texte-simple paragraph-gris\">\r\n<div class=\"container\">\r\n<div class=\"paragraph-content\">\r\n<h3>SurLeFront: The ghost net disaster<\/h3>\r\n<p class=\"rtejustify\"><a href=\"https:\/\/d.facebook.com\/france5\/videos\/461242861540483\/?refsrc=deprecated&amp;__ccr=FQQREREA.ARZjbny0DwtNxh4CWmmyF1ZGoAkxUeip82tlK4PKJT5RjL-s&amp;_rdr\" target=\"_blank\" rel=\"noopener\">France 5 - Speech by Sandrine Ruitton<\/a><\/p>\r\n<p class=\"rtejustify\">They account for 10% of the plastic in the oceans and are a death trap for marine animals. These are ghost nets: fishing gear lost or abandoned by fishermen.\r\nDivers are fighting this scourge in the Mediterranean. <a href=\"https:\/\/d.facebook.com\/watch\/?v=461242861540483&amp;_rdr\" target=\"_blank\" rel=\"noopener\">#surlefront Hugo Cl\u00e9ment<\/a><\/p>\r\n\r\n<\/div>\r\n<\/div>\r\n<\/section><\/div>\r\n<div class=\"field-item odd\"><section class=\"paragraph-section paragraph-texte-simple paragraph-blanc\">\r\n<div class=\"container\">\r\n<div class=\"paragraph-content\">\r\n<h3 class=\"rtecenter\">Mission Tonga - In search of the Pacific's undersea volcanoes<\/h3>\r\n<p class=\"rtejustify\">A year ago, the French oceanographic vessel Atalante set sail for the Pacific in search of shallow submarine volcanoes to understand and anticipate the consequences of fluid emanations on marine life and the climate. The expedition, led by Sophie Bonnet (MIO IRD) and C\u00e9cile Guieu (LOV CNRS), is analysing and studying the consequences of the input of trace elements from shallow hydrothermal sources to determine their potential impact on marine productivity and the biological carbon pump.<\/p>\r\n\r\n<div class=\"video-background\"><iframe src=\"https:\/\/www.youtube.com\/embed\/e5kAd0i6Dck\" width=\"560\" height=\"315\" frameborder=\"0\" allowfullscreen=\"allowfullscreen\"> <\/iframe><\/div>\r\nProduction: Hubert Bataille (IRD)\r\n\r\nCoproduction: IRD-CNRS - Copyright IRD 2020\r\n\r\n<\/div>\r\n<\/div>\r\n<\/section><\/div>\r\n<div class=\"field-item even\"><section class=\"paragraph-section paragraph-texte-simple paragraph-bleu\">\r\n<div class=\"container\">\r\n<div class=\"paragraph-content\">\r\n<h3 class=\"rtecenter\"><span style=\"color: #e6e6fa;\">Sargasso for me!<\/span><\/h3>\r\n<p class=\"rtejustify\">Welcome aboard the <a href=\"https:\/\/www.youtube.com\/channel\/UCuDZEHjxvsTREscmw-az6AA\" target=\"_blank\" rel=\"noopener\"><span style=\"color: #e6e6fa;\">Nautilus League<\/span><\/a> !<\/p>\r\n<p class=\"rtejustify\">We talk about <em>Sargassum<\/em> with Thierry Thibaut, Aix-Marseille University research professor assigned to the MIO!<\/p>\r\n\r\n<div class=\"video-background\"><iframe src=\"https:\/\/www.youtube.com\/embed\/DsNMW8adhm0\" width=\"560\" height=\"315\" frameborder=\"0\" allowfullscreen=\"allowfullscreen\"> <\/iframe><\/div>\r\n<\/div>\r\n<\/div>\r\n<\/section><\/div>\r\n<div class=\"field-item odd\"><section class=\"paragraph-section paragraph-texte-simple paragraph-gris\">\r\n<div class=\"container\">\r\n<div class=\"paragraph-content\">\r\n<h3 class=\"rtecenter\">Descend into the Abyss on video!<\/h3>\r\n<a href=\"https:\/\/www.echosciences-paca.fr\/communautes\/videos\/articles\/video-echoscientifique-n-12\" target=\"_blank\" rel=\"noopener\">Echosciences - Culture Science PACA<\/a> <em>- BathyBot, the deep-sea explorer<\/em> !\r\n\r\nWith Christian Tamburini and Severine Martini from MIO\r\n<div class=\"video-background\"><iframe src=\"https:\/\/www.youtube.com\/embed\/aU4d8ueFbc4\" width=\"560\" height=\"315\" frameborder=\"0\" allowfullscreen=\"allowfullscreen\"> <\/iframe><\/div>\r\n<\/div>\r\n<\/div>\r\n<\/section><\/div>\r\n<div class=\"field-item even\"><section class=\"paragraph-section paragraph-texte-simple paragraph-bleu\">\r\n<div class=\"container\">\r\n<div class=\"paragraph-content\">\r\n<h3 class=\"rtecenter\"><a href=\"https:\/\/twitter.com\/NOTION_project\" target=\"_blank\" rel=\"noopener\"><span style=\"color: #e6e6fa;\">Project NOTION<\/span><\/a><\/h3>\r\n<h3 class=\"rtecenter\"><span style=\"color: #e6e6fa;\">Understanding the major role played by phytoplankton in the biological activity of the oceans <\/span><\/h3>\r\n<p class=\"rtejustify\">The video of the #NOTION project funded by <a href=\"http:\/\/www.bnpparibas-phi.com\" target=\"_blank\" rel=\"noopener\">BNP Paribas Foundation<\/a> is now online!\r\nMIO Mediterranean Institute of Oceanography - <a href=\"http:\/\/www.ku.dk\/\" target=\"_blank\" rel=\"noopener\">K\u00f8benhavns Universitet - University of Copenhagen<\/a> - <a href=\"https:\/\/www.io-warnemuende.de\/\" target=\"_blank\" rel=\"noopener\">Leibniz-Institut f\u00fcr Ostseeforschung<\/a>\r\n@FilellaLamadrid @domitilleLou on twitter<\/p>\r\n\r\n<div class=\"video-background\"><iframe src=\"https:\/\/www.youtube.com\/embed\/gLWX_SMi5FA\" width=\"560\" height=\"315\" frameborder=\"0\" allowfullscreen=\"allowfullscreen\"> <\/iframe><\/div>\r\n<\/div>\r\n<\/div>\r\n<\/section><\/div>\r\n<div class=\"field-item odd\"><section class=\"paragraph-section paragraph-texte-simple paragraph-blanc\">\r\n<div class=\"container\">\r\n<div class=\"paragraph-content\">\r\n<h3 class=\"rtecenter\">Impact of cigarette butts on the marine environment<\/h3>\r\n<h3 class=\"rtecenter\">Marianne Quemeneur on RCTI<\/h3>\r\n<a href=\"http:\/\/www.rtci.tn\/\" target=\"_blank\" rel=\"noopener\">RTCI - Radio Tunis Cha\u00eene Internationale<\/a> received on 26 June <a href=\"https:\/\/cutt.ly\/lfFklAH\" target=\"_blank\" rel=\"noopener\">Marianne Quemeneur, MIO-IRD microbiologist, to talk about her latest work<\/a>.\r\n\r\n<\/div>\r\n<\/div>\r\n<\/section><\/div>\r\n<div class=\"field-item even\"><section class=\"paragraph-section paragraph-texte-simple paragraph-bleu\">\r\n<div class=\"container\">\r\n<div class=\"paragraph-content\">\r\n<h3 class=\"rtecenter\"><span style=\"color: #e6e6fa;\">An air purifier installed at the Lyc\u00e9e Fran\u00e7ais Alexandre Yersin in Hanoi for studying<\/span><\/h3>\r\n<h3 class=\"rtecenter\"><span style=\"color: #e6e6fa;\">the impact of fine particle pollution on marine processes!<\/span><\/h3>\r\n<div class=\"video-background\"><iframe src=\"https:\/\/www.youtube.com\/embed\/tC6gikKITDM\" width=\"560\" height=\"315\" frameborder=\"0\" allowfullscreen=\"allowfullscreen\"> <\/iframe><\/div>\r\n<p class=\"rtecenter\">Presentation by Xavier Mari - MIO-IRD<\/p>\r\n<p class=\"rtejustify\">In order to carry out experiments to determine the impact of fine particle pollution on marine processes, we acquired the Aufero air purifier developed by <a href=\"https:\/\/www.ens-cleanair.com\/en\/\" target=\"_blank\" rel=\"noopener\">ENS Clean Air<\/a>. Technically, this air purifier works by positive ionisation. The fine particles sucked in at a flow rate of 7500 m3\/h are ionised at the purifier inlet, then collected on a negatively-charged metal plate, which purifies the expelled air. This filterless air purification system (which can operate continuously without clogging) is capable of eliminating particles from 10 nanometres to 30 micrometres in the ambient air. This equipment, generally used to purify the air in very large polluted areas such as car parks, was acquired with IRD funding as part of the<a href=\"https:\/\/ird.core-cloud.net\/SOOT_SEA\/Pages\/Home.aspx\" target=\"_blank\" rel=\"noopener\">SOOT-SEA initiative<\/a>\u00a0 in order to collect large quantities of fine particles, which are recovered by scraping the collection plate.<\/p>\r\n<p class=\"rtejustify\">Initially planned to be installed outdoors in Hanoi, we thought it would be a shame if no-one benefited from this purified air. <a href=\"https:\/\/ird.core-cloud.net\/SOOT_SEA\/Pages\/Home.aspx\" target=\"_blank\" rel=\"noopener\">So, in agreement with the French Embassy in Vietnam and the Lyc\u00e9e Fran\u00e7ais Alexandre Yersin, we have opted to set up in the latter's gymnasium.<\/a>. In view of the deteriorating air quality in Hanoi, the Lyc\u00e9e had to introduce a protocol to protect its pupils, including the cancellation of outdoor classes when PM2.5 concentrations exceeded 55 \u00b5g\/m3 (IQA&gt;150); the classrooms were equipped with a general air purification system. The gymnasium to which pupils could have gone when air quality reached critical levels was not equipped with an air purification system.<\/p>\r\n<p class=\"rtejustify\">The SOOT-SEA air purifier was therefore installed in the gymnasium. It is in constant operation, providing cleaner air in the gymnasium and continuously collecting the particulate aerosols present in Hanoi. We collect around 200g of fine particles every 3 months.<\/p>\r\n\r\n<\/div>\r\n<\/div>\r\n<\/section><\/div>\r\n<div class=\"field-item odd\"><section class=\"paragraph-section paragraph-texte-simple paragraph-gris\">\r\n<div class=\"container\">\r\n<div class=\"paragraph-content\">\r\n<h3 class=\"rtecenter\">Talk to an Arctic scientist!<\/h3>\r\nA live broadcast took place today with Dr Lars-Eric Heimb\u00fcrger-Boavida, a chemical oceanographer at the Institut M\u00e9diterran\u00e9en d'Oc\u00e9anologie (MIO) in Marseille. An opportunity for students to ask their questions live! #ArcticLive AXA Education Ocean\r\n<div class=\"video-background\"><iframe src=\"https:\/\/www.youtube.com\/embed\/fXTc7Lkdc4c\" width=\"560\" height=\"315\" frameborder=\"0\" allowfullscreen=\"allowfullscreen\"> <\/iframe><\/div>\r\n<\/div>\r\n<\/div>\r\n<\/section><\/div>\r\n<div class=\"field-item even\"><section class=\"paragraph-section paragraph-texte-simple paragraph-bleu\">\r\n<div class=\"container\">\r\n<div class=\"paragraph-content\">\r\n<h3 class=\"rtejustify\"><span style=\"color: #e6e6fa;\">The MIO coordinates a European research project on microplastics led by the University of Toulon<\/span><\/h3>\r\n<p class=\"rtejustify\">The aim of the Interreg Marittimo SPlasH! project (Stop alle Plastiche in H2O) is to analyse the presence, origin and dynamics of microplastics in the ports of the Tyrrhenian Sea (Genoa, Olbia, Toulon) and to determine their potential role as a vector for contaminants in coastal areas. The data collected by the MIO laboratory at the University of Toulon and its partners will provide the international community with a better understanding of the link between geography and the quantity\/nature of microplastics, as well as the risks associated with their presence.<\/p>\r\n\r\n<div class=\"video-background\"><iframe src=\"https:\/\/www.youtube.com\/embed\/zb6yKt2FjaM\" width=\"560\" height=\"315\" frameborder=\"0\" allowfullscreen=\"allowfullscreen\"> <\/iframe><\/div>\r\n<\/div>\r\n<\/div>\r\n<\/section><\/div>\r\n<div class=\"field-item odd\"><section class=\"paragraph-section paragraph-texte-simple paragraph-blanc\">\r\n<div class=\"container\">\r\n<div class=\"paragraph-content\">\r\n<h4>Interviews with Gerald Gregori, Thierry Moutin &amp; Sandrine Ruitton in the programme<em> Mediterranean and Biodiversity<\/em> !<\/h4>\r\n<h4>Radio Grenouille - Live from the Village des Sciences in Marseille - 12 October 2019<\/h4>\r\n<table border=\"0\" width=\"1150\" cellspacing=\"1\" cellpadding=\"1\" align=\"center\">\r\n<tbody>\r\n<tr>\r\n<td>\r\n<div class=\"video-background\"><iframe style=\"height: 80%; width: 80%;\" src=\"https:\/\/www.mixcloud.com\/widget\/iframe\/?feed=%2FRadio_Grenouille%2Fentretien-avec-gerald-gregori-chercheur-au-mio-sp%C3%A9cialiste-des-micro-organismes-en-m%C3%A9dit%C3%A9rann%C3%A9e%2F\"> <\/iframe><\/div><\/td>\r\n<td>\r\n<div class=\"video-background\"><iframe style=\"height: 80%; width: 80%;\" src=\"https:\/\/www.mixcloud.com\/widget\/iframe\/?feed=%2FRadio_Grenouille%2Fentretien-avec-thierry-moutin-professeur-de-chimie-marine-%C3%A0-lamu-%C3%A9galement-chercheur-au-mio%2F\"> <\/iframe><\/div><\/td>\r\n<td>\r\n<div class=\"video-background\"><iframe style=\"height: 80%; width: 80%;\" src=\"https:\/\/www.mixcloud.com\/widget\/iframe\/?feed=%2FRadio_Grenouille%2Fentretien-avec-sandrine-ruitton-membre-du-mio-coordinatrice-du-dispositif-ghostmed%2F\"> <\/iframe><\/div><\/td>\r\n<\/tr>\r\n<\/tbody>\r\n<\/table>\r\n<\/div>\r\n<\/div>\r\n<\/section><\/div>\r\n<div class=\"field-item even\"><section class=\"paragraph-section paragraph-texte-simple paragraph-bleu\">\r\n<div class=\"container\">\r\n<div class=\"paragraph-content\">\r\n<h3 class=\"rtejustify\"><span style=\"color: #e6e6fa;\">Report on the theme of <em>Sargassum<\/em> in France 3's 19\/20<\/span><\/h3>\r\n<p class=\"rtejustify\">Find out more about our MIO colleagues in this report broadcast on France 3 on <strong>Friday 8 February 2019<\/strong> from 16'10\".<\/p>\r\n<p class=\"rtejustify\">The France 3 film crew interviewed Sandrine Ruitton, Cristele Chevalier, L\u00e9o Berline and Thierry Thibaut on their research into the Sargasso.<\/p>\r\n<p class=\"rtecenter\"><a href=\"https:\/\/www.france.tv\/france-3\/19-20-journal-national\/885443-19-20-journal-national.html\" target=\"_blank\" rel=\"noopener\"><img loading=\"lazy\" decoding=\"async\" style=\"width: 700px; height: 507px;\" src=\"\/wp-content\/uploads\/ancien-site\/resize\/images\/france3sargasses-700x507.png\" alt=\"\" width=\"700\" height=\"507\" \/><\/a><\/p>\r\n\r\n<\/div>\r\n<\/div>\r\n<\/section><\/div>\r\n<div class=\"field-item odd\"><section class=\"paragraph-section paragraph-texte-colonnes paragraph-texte-deux-colonnes paragraph-gris\">\r\n<div class=\"container\">\r\n<div class=\"row\">\r\n<div class=\"flex-wrapper\">\r\n<div class=\"item texte-wrapper\">\r\n<div class=\"paragraph-content\">\r\n<div class=\"video-background\"><iframe src=\"https:\/\/www.youtube.com\/embed\/8lNmQU6aRIY\" width=\"560\" height=\"315\" frameborder=\"0\" scrolling=\"no\" align=\"bottom\" allowfullscreen=\"allowfullscreen\"> <\/iframe><\/div>\r\n<\/div>\r\n<\/div>\r\n<div class=\"item texte-wrapper\">\r\n<div class=\"paragraph-content\">\r\n<h3 class=\"rtejustify\">Debate on France 3 : <em>Save the Mediterranean<\/em><\/h3>\r\n<p class=\"rtejustify\">It's a sea on the brink of asphyxiation. Seriously threatened by pollution, overfishing, mass tourism... How can we save this shared natural heritage? The current situation, initiatives, solutions...<\/p>\r\n<p class=\"rtejustify\">Richard Semp\u00e9r\u00e9, director of the M.I.O., took part in a debate with experts, witnesses and committed players to coincide with the screening of the film <em>Will the Mediterranean make it through the summer?<\/em> (A film by Alexis Marrant, Coproduction ARTE France \/ CAPA PRESSE) broadcast on <strong>24 September 2018<\/strong> after Soir 3.<\/p>\r\n\r\n<\/div>\r\n<\/div>\r\n<\/div>\r\n<\/div>\r\n<\/div>\r\n<\/section><\/div>\r\n<div class=\"field-item even\"><section class=\"paragraph-section paragraph-texte-simple paragraph-bleu\">\r\n<div class=\"container\">\r\n<div class=\"paragraph-content\">\r\n<h3 class=\"rtejustify\"><span style=\"color: #e6e6fa;\"><em>In search of the new Sargasso Sea<\/em> selected at the LUMEXPLORE Festival in La Ciotat<\/span><\/h3>\r\n<p class=\"rtejustify\"><em>Lumexplore 2018<\/em><strong> - 13-16 September 2018<\/strong> - Cin\u00e9ma Eden Th\u00e9\u00e2tre - 13600 La Ciotat<\/p>\r\n<p class=\"rtejustify\">\"\u00a0<em>The Lights of Exploration<\/em>\u00a0\"an association commissioned by the Soci\u00e9t\u00e9 des Explorateurs Fran\u00e7ais, organised the third edition of the <em>Festival of Scientific and Environmental Exploration Films<\/em>In La Ciotat, at the Cin\u00e9ma Eden Th\u00e9\u00e2tre, with the showing of films about expeditions and discoveries, meetings with the Explorers, conferences and exhibitions.<\/p>\r\n<p class=\"rtejustify\">Our colleagues from the MIO, Thierry Thibaut, Jean Blanchot, Sandrine Ruitton and Aur\u00e9lie Blanfun\u00e9 presented <em>In search of the new Sargasso Sea, <\/em>a film by Hubert Bataille - IRD production.<\/p>\r\n<p class=\"rtecenter\"><img loading=\"lazy\" decoding=\"async\" style=\"width: 500px; height: 262px;\" src=\"\/wp-content\/uploads\/ancien-site\/images\/lumex-85cbd.jpg\" alt=\"\" width=\"500\" height=\"262\" \/><\/p>\r\n\r\n<h4 class=\"rtecenter\"><a href=\"https:\/\/gallery.mailchimp.com\/5adb9d46ae70d7ed79a175c14\/files\/21ea81e4-7a4f-477a-a5e1-46d2fd203905\/DDP_Juillet2018_reduit.pdf\" target=\"_blank\" rel=\"noopener\"><strong>Press kit on line<\/strong><\/a><\/h4>\r\n<\/div>\r\n<\/div>\r\n<\/section><\/div>\r\n<div class=\"field-item odd\"><section class=\"paragraph-section paragraph-texte-colonnes paragraph-texte-deux-colonnes paragraph-gris\">\r\n<div class=\"container\">\r\n<div class=\"row\">\r\n<div class=\"flex-wrapper\">\r\n<div class=\"item texte-wrapper\">\r\n<div class=\"paragraph-content\">\r\n<h3 class=\"rtejustify\">Guillaume Marchessaux (MIO) interviewed about the invasion of Mnemiopsis leidyi in the Etang de Berre.<\/h3>\r\n<p class=\"rtejustify\">Report on M6's JT 12.45 broadcast on <strong>Thursday 14 December 2017<\/strong><\/p>\r\n\r\n<\/div>\r\n<\/div>\r\n<div class=\"item texte-wrapper\">\r\n<div class=\"paragraph-content\">\r\n<div class=\"video-background\"><iframe src=\"https:\/\/www.youtube.com\/embed\/ynyXG8BJCyk\" width=\"560\" height=\"315\" frameborder=\"0\" scrolling=\"no\" allowfullscreen=\"allowfullscreen\"> <\/iframe><\/div>\r\n<\/div>\r\n<\/div>\r\n<\/div>\r\n<\/div>\r\n<\/div>\r\n<\/section><\/div>\r\n<div class=\"field-item even\"><section class=\"paragraph-section paragraph-texte-image paragraph-blanc image-en-premier\">\r\n<div class=\"container-fluid\">\r\n<div class=\"row\">\r\n<div class=\"flex-wrapper\">\r\n<div class=\"item texte-wrapper\">\r\n<div class=\"paragraph-title\">\r\n<h2>The Mediterranean: can it still be saved?<\/h2>\r\n<\/div>\r\n<div class=\"paragraph-content\">\r\n<p class=\"rtejustify\">Le <strong>Tuesday 13 June 2017<\/strong>Richard Semp\u00e9r\u00e9 and Jean-Fran\u00e7ois Ghiglione, CNRS research director at the Laboratoire d'Oc\u00e9anographie Microbienne in Banyuls-sur-Mer, took part in the programme <em>The Scientific Method<\/em> on France Culture<\/p>\r\n<p class=\"rtejustify\">Is the Mediterranean Sea in serious danger? What is the impact of global warming, overfishing and pollution on the decline in biodiversity in the Mediterranean, and how much responsibility do they bear?<\/p>\r\n\r\n<div class=\"video-background\"><iframe src=\"https:\/\/www.franceculture.fr\/player\/export-reecouter?content=bb8e2e66-61b6-4040-bb3e-c874458c2153\" width=\"481\" height=\"137\" frameborder=\"0\" scrolling=\"no\"> <\/iframe><\/div>\r\n<\/div>\r\n<\/div>\r\n<div class=\"item image-wrapper\" style=\"background-image: url('https:\/\/www.mio.osupytheas.fr\/wp-content\/uploads\/ancien-site\/styles\/800x600\/public\/images\/paragraphs\/logofranceculture.jpg?itok=VlNnZREG');\"><\/div>\r\n<\/div>\r\n<\/div>\r\n<\/div>\r\n<\/section><\/div>\r\n<div class=\"field-item odd\"><section class=\"paragraph-section paragraph-texte-colonnes paragraph-texte-deux-colonnes paragraph-bleu\">\r\n<div class=\"container\">\r\n<div class=\"row\">\r\n<div class=\"flex-wrapper\">\r\n<div class=\"item texte-wrapper\">\r\n<div class=\"paragraph-content\">\r\n<h3 class=\"rtejustify\"><span style=\"color: #f0f8ff;\">The MIO at the World Festival of Underwater Pictures<\/span><\/h3>\r\n<p class=\"rtejustify\">The M.I.O. was present at the World Festival of Underwater Pictures in Paris. <strong>29th October<\/strong> at <strong>1st November 2015<\/strong> with :<\/p>\r\n\r\n<ul>\r\n \t<li class=\"rtejustify\">a stand presenting its research activities<\/li>\r\n \t<li class=\"rtejustify\">a conference with .... Jellyfish &amp; Co<\/li>\r\n \t<li class=\"rtejustify\">a film in the Microm\u00e9gas (8') Musical competition, which we present below!<\/li>\r\n<\/ul>\r\n<\/div>\r\n<\/div>\r\n<div class=\"item texte-wrapper\">\r\n<div class=\"paragraph-content\">\r\n<div class=\"video-background\"><iframe src=\"https:\/\/www.youtube.com\/embed\/8z4K2n_NI5Q\" width=\"560\" height=\"315\" frameborder=\"0\" allowfullscreen=\"allowfullscreen\"> <\/iframe><\/div>\r\n<\/div>\r\n<\/div>\r\n<\/div>\r\n<\/div>\r\n<\/div>\r\n<\/section><\/div>\r\n<div class=\"field-item even\"><section class=\"paragraph-section paragraph-texte-simple paragraph-gris\">\r\n<div class=\"container\">\r\n<div class=\"paragraph-content\">\r\n<h3 class=\"rtejustify\">The MIO is involved in <em>Science, we're rolling!<\/em><\/h3>\r\n<p class=\"rtejustify\"><em>Science, We're rolling!<\/em> is a series of webcasts between scientists and secondary school students developed by the consortium C'est dans l'Aire, territoires de la CSTI. This film on aquatic micropollutants was produced by LACQ ODYSSEE, Centre de Culture Scientifique des Landes et Pyr\u00e9n\u00e9es Atlantiques.<\/p>\r\n<p class=\"rtejustify\">Damien Sous, a teacher-researcher at the MIO and responsible for hydrodynamic measurements in the Adour estuary, took part in this exciting adventure as part of the PANACHE project (CNRS INSU EC2CO).<\/p>\r\n<p class=\"rtejustify\"><strong>Contact<\/strong>\u00a0: <a href=\"mailto:damien.sous@mio.osupytheas.fr\" target=\"_blank\" rel=\"noopener\">Damien Sous<\/a><\/p>\r\n\r\n<div class=\"video-background\"><iframe src=\"https:\/\/www.youtube.com\/embed\/7a_-f64g58k\" width=\"560\" height=\"315\" frameborder=\"0\" allowfullscreen=\"allowfullscreen\"> <\/iframe><\/div>\r\n<\/div>\r\n<\/div>\r\n<\/section><\/div>\r\n<div class=\"field-item odd\"><section class=\"paragraph-section paragraph-texte-simple paragraph-bleu\">\r\n<div class=\"container\">\r\n<div class=\"paragraph-content\">\r\n<h3 class=\"rtejustify\"><span style=\"color: #f0f8ff;\">Futura Sciences has posted a video of Sandrine Ruitton from the M.I.O : <\/span><em><span style=\"color: #f0f8ff;\">Posidonia, essential to marine life in the Mediterranean<\/span><\/em><\/h3>\r\n<p class=\"rtecenter\"><a href=\"https:\/\/www.futura-sciences.com\/planete\/videos\/posidonie-indispensable-vie-marine-mediterraneenne-2678\/\" target=\"_blank\" rel=\"noopener\"><img loading=\"lazy\" decoding=\"async\" style=\"height: 359px; width: 800px;\" src=\"\/wp-content\/uploads\/ancien-site\/resize\/images\/futuravideoposidonie-800x359.png\" alt=\"\" width=\"800\" height=\"359\" \/><\/a><\/p>\r\n\r\n<\/div>\r\n<\/div>\r\n<\/section><\/div>\r\n<div class=\"field-item even\"><section class=\"paragraph-section paragraph-texte-colonnes paragraph-texte-deux-colonnes paragraph-gris\">\r\n<div class=\"container-fluid\">\r\n<div class=\"row\">\r\n<div class=\"paragraph-title paragraph-title-center\">\r\n<h2>Films<\/h2>\r\n<\/div>\r\n<div class=\"flex-wrapper\">\r\n<div class=\"item texte-wrapper\">\r\n<div class=\"paragraph-content\">\r\n<h3 class=\"rtejustify\">In search of the new Sargasso Sea<\/h3>\r\n<p class=\"rtejustify\">From <strong>19 June <\/strong>at <strong>13 July 2017<\/strong>A scientific expedition aboard the ANTEA, a vessel in the French oceanographic fleet, has enabled a team of researchers to carry out extensive sampling of the flora and fauna associated with the \"sargassum rafts\". This brown pelagic algae, found in the tropical Atlantic, has been washing up on the Atlantic coast since 2011, as a result of ocean circulation. They are causing major environmental, health and economic problems, particularly in the Caribbean and French Guiana.<\/p>\r\n\r\n<div class=\"video-background\"><iframe src=\"https:\/\/www.youtube.com\/embed\/OfVrhaHchck\" width=\"560\" height=\"315\" frameborder=\"0\" allowfullscreen=\"allowfullscreen\"> <\/iframe><\/div>\r\n<\/div>\r\n<\/div>\r\n<div class=\"item texte-wrapper\">\r\n<div class=\"paragraph-content\">\r\n<h3 class=\"rtejustify\">The OUTPACE campaign on video!<\/h3>\r\n<p class=\"rtejustify\">The OUTPACE oceanographic campaign ran from<strong> 18 February <\/strong>at<strong> 3 April 2015<\/strong> in the Pacific Ocean aboard the M\/O L'Atalante. The aim of the project was to provide a zonal description of biogeochemistry and biological diversity in the tropical south-west Pacific and to produce a detailed study of biological production and its fate in three contrasting sites, with a particular focus on production supported by nitrogen fixation and carbon export by the biological pump.<\/p>\r\n<p class=\"rtecenter\"><a href=\"https:\/\/www.youtube.com\/playlist?list=PL1QTA5gR2dyqJCsZHrZlH2tQigAlRL5Mp\" target=\"_blank\" rel=\"noopener\"><img loading=\"lazy\" decoding=\"async\" style=\"width: 420px; height: 315px;\" src=\"\/wp-content\/uploads\/ancien-site\/resize\/images\/outpace-420x315.jpg\" alt=\"\" width=\"420\" height=\"315\" \/><\/a><\/p>\r\n\r\n<\/div>\r\n<\/div>\r\n<\/div>\r\n<\/div>\r\n<\/div>\r\n<\/section><\/div>\r\n<div class=\"field-item odd\"><section class=\"paragraph-section paragraph-texte-colonnes paragraph-texte-deux-colonnes paragraph-bleu\">\r\n<div class=\"container-fluid\">\r\n<div class=\"row\">\r\n<div class=\"flex-wrapper\">\r\n<div class=\"item texte-wrapper\">\r\n<div class=\"paragraph-content\">\r\n<h3 class=\"rtejustify\"><span style=\"color: #e6e6fa;\"><em>In the light of the cytometer, phytoplankton under influence<\/em><\/span><\/h3>\r\n<p class=\"rtejustify\">In this film produced by Canal IRD, we embark on a twofold mission aboard the Hannibal: to measure phytoplankton using automated techniques in the Gulf of Gab\u00e8s on the east coast of Tunisia, and to train Tunisian students in these techniques.<\/p>\r\n\r\n<div class=\"video-background\"><iframe src=\"https:\/\/www.youtube.com\/embed\/PnNvh25CrEI\" width=\"560\" height=\"315\" frameborder=\"0\" allowfullscreen=\"allowfullscreen\"> <\/iframe><\/div>\r\n<\/div>\r\n<\/div>\r\n<div class=\"item texte-wrapper\">\r\n<div class=\"paragraph-content\">\r\n<h3 class=\"rtejustify\"><span style=\"color: #e6e6fa;\"><em>Berre, a pond in the state<\/em><\/span><\/h3>\r\n<p class=\"rtejustify\">A film directed by Marcel Dalaise and produced by CNRS Images, with contributions from MIO researchers.<\/p>\r\n<p class=\"rtecenter\"><a href=\"https:\/\/images.cnrs.fr\/video\/3967\" target=\"_blank\" rel=\"noopener\"><img loading=\"lazy\" decoding=\"async\" style=\"width: 547px; height: 308px;\" src=\"\/wp-content\/uploads\/ancien-site\/images\/filmberre-548x312.png\" alt=\"\" width=\"547\" height=\"308\" \/><\/a><\/p>\r\n\r\n<\/div>\r\n<\/div>\r\n<\/div>\r\n<\/div>\r\n<\/div>\r\n<\/section><\/div>\r\n<div class=\"field-item even\"><section class=\"paragraph-section paragraph-texte-colonnes paragraph-texte-deux-colonnes paragraph-gris\">\r\n<div class=\"container-fluid\">\r\n<div class=\"row\">\r\n<div class=\"flex-wrapper\">\r\n<div class=\"item texte-wrapper\">\r\n<div class=\"paragraph-content\">\r\n<h3 class=\"rtejustify\">VAHINE presented at the New Caledonia Underwater Film Festival<\/h3>\r\n<p class=\"rtejustify\">The documentary film made in early 2013 by Jean Michel Bor\u00e9 (IRD) during the Vahine campaign in New Caledonia will be presented to the general public at the New Caledonia Underwater Film Festival and will also be shown in competition.<\/p>\r\n\r\n<div class=\"video-background\"><iframe title=\"YouTube video player\" src=\"https:\/\/www.youtube.com\/embed\/wMMTDmeL8Eg\" width=\"560\" height=\"315\" frameborder=\"0\" allowfullscreen=\"allowfullscreen\"> <\/iframe><\/div>\r\n<\/div>\r\n<\/div>\r\n<div class=\"item texte-wrapper\">\r\n<div class=\"paragraph-content\">\r\n<h3 class=\"rtejustify\">Artificial reefs on the Prado<\/h3>\r\n<p class=\"rtejustify\">Five years after the Prado artificial reefs were installed at sea, Sandrine Ruitton (MCF at the MIO), who is responsible for scientific monitoring of the RECIFS DU PRADO programme (City of Marseille), offers you a beautiful video taken during her dives in 2012.<\/p>\r\n\r\n<div class=\"video-background\"><iframe src=\"https:\/\/player.vimeo.com\/video\/59247995\" width=\"560\" height=\"315\" frameborder=\"0\" allowfullscreen=\"allowfullscreen\"> <\/iframe><\/div>\r\n<\/div>\r\n<\/div>\r\n<\/div>\r\n<\/div>\r\n<\/div>\r\n<\/section><\/div>\r\n<div class=\"field-item odd\"><section class=\"paragraph-section paragraph-texte-simple paragraph-bleu\">\r\n<div class=\"container\">\r\n<div class=\"paragraph-content\">\r\n<h3 class=\"rtejustify\"><span style=\"color: #e6e6fa;\">Between science and writing : <em>Binomial<\/em> The meaning of words<\/span><\/h3>\r\n<p class=\"rtejustify\">Bin\u00f4me is a collaboration between playwrights, artists and scientists. Following a precise, timed protocol, each pairing - a scientist and an author - produces a text that is read by a group of actors-directors and musicians. Each reading is preceded by a film showing the meeting between the scientist and the author.<\/p>\r\n<p class=\"rtejustify\"><em>Bonne-Maman's Acid Tears<\/em> Julie AMINTHE, author and Marc TEDETTI, bio-geochemist oceanographer, specialist in the impact of UV rays on the marine environment at the Institut M\u00e9diterran\u00e9en d'Oc\u00e9anologie (IRD, MIO - OSU Pyth\u00e9as).<\/p>\r\n\r\n<div class=\"video-background\"><iframe src=\"https:\/\/player.vimeo.com\/video\/146099637\" width=\"640\" height=\"360\" frameborder=\"0\" allowfullscreen=\"allowfullscreen\"> <\/iframe><\/div>\r\n<p class=\"rtejustify\">After meeting Bernard Olivier, a specialist in the microbiology of extreme environments (IRD \/ MIO), Alexandra Badea, author, wrote <em>Extremophile<\/em>.<\/p>\r\n\r\n<div class=\"video-background\"><iframe src=\"https:\/\/player.vimeo.com\/video\/112160410\" width=\"640\" height=\"360\" frameborder=\"0\" allowfullscreen=\"allowfullscreen\"> <\/iframe><\/div>\r\n<\/div>\r\n<\/div>\r\n<\/section><\/div>\r\n<div class=\"field-item even\"><section class=\"paragraph-section paragraph-texte-colonnes paragraph-texte-deux-colonnes paragraph-gris\">\r\n<div class=\"container-fluid\">\r\n<div class=\"row\">\r\n<div class=\"paragraph-title paragraph-title-center\">\r\n<h2>MISTRALS 2015 International Conference - Interviews<\/h2>\r\n<\/div>\r\n<div class=\"flex-wrapper\">\r\n<div class=\"item texte-wrapper\">\r\n<div class=\"paragraph-content\">\r\n<h3 class=\"rtejustify\">La Voix est Libre<em> Cop 21, D-Day<\/em><\/h3>\r\n<p class=\"rtejustify\"><a href=\"https:\/\/france3-regions.francetvinfo.fr\/provence-alpes-cote-d-azur\/emissions\/la-voix-est-libre-cote-d-azur\/samedi-11h30-retrouvez-la-voix-est-libre-cop-21-le-jour-d-apres.html\" target=\"_blank\" rel=\"noopener\"><em>Interview with Richard Semp\u00e9r\u00e9 (from 21'53'')<\/em><\/a><\/p>\r\n<p class=\"rtejustify\">Researchers, academics and nature park managers working on global warming or already confronted with its effects will give us their impressions.\r\nSuccess or failure? What does the future hold for our region? For its landscapes and biodiversity? What kind of agriculture tomorrow?\r\nA close-up look at global warming and its effects, both visible and foreseeable.<\/p>\r\n<p class=\"rtecenter\"><a href=\"https:\/\/france3-regions.francetvinfo.fr\/provence-alpes-cote-d-azur\/emissions\/la-voix-est-libre-cote-d-azur\/samedi-11h30-retrouvez-la-voix-est-libre-cop-21-le-jour-d-apres.html\" target=\"_blank\" rel=\"noopener\"><img loading=\"lazy\" decoding=\"async\" style=\"width: 467px; height: 217px;\" src=\"\/wp-content\/uploads\/ancien-site\/images\/emissioncop212015.png\" alt=\"\" width=\"467\" height=\"217\" \/><\/a><\/p>\r\n\r\n<\/div>\r\n<\/div>\r\n<div class=\"item texte-wrapper\">\r\n<div class=\"paragraph-content\">\r\n<h3 class=\"rtejustify\">The future of the Mediterranean is a cause for concern<\/h3>\r\n<p class=\"rtejustify\">Richard Semp\u00e9r\u00e9 from MIO and Etienne Ruellan from INSU interviewed by <strong>La Provence.com<\/strong> at the MISTRALS Conference on <strong>20<\/strong> at <strong>22 October 2015<\/strong>.<\/p>\r\n<p class=\"rtejustify\">Global warming will not spare the Mediterranean, according to scientists and academics who will be presenting their initial findings at the Mistrals conference, organised until Thursday at the Ville M\u00e9diterran\u00e9e in Marseille: Report.<\/p>\r\n<p class=\"rtecenter\"><a href=\"https:\/\/www.laprovence.com\/actu\/region-en-direct\/3632355\/video-lavenir-de-la-mediterranee-inquiete.html\" target=\"_blank\" rel=\"noopener\"><img loading=\"lazy\" decoding=\"async\" style=\"width: 380px; height: 215px;\" src=\"\/wp-content\/uploads\/ancien-site\/resize\/images\/mistrals2015laprovence-380x215.png\" alt=\"\" width=\"380\" height=\"215\" \/><\/a><\/p>\r\n\r\n<\/div>\r\n<\/div>\r\n<\/div>\r\n<\/div>\r\n<\/div>\r\n<\/section><\/div>\r\n<div class=\"field-item odd\"><section class=\"paragraph-section paragraph-texte-simple paragraph-bleu\">\r\n<div class=\"container\">\r\n<div class=\"paragraph-content\">\r\n<h3 class=\"rtejustify\"><span style=\"color: #e6e6fa;\">MISTRALS 2015: conference videos<\/span><\/h3>\r\n<p class=\"rtejustify\">Watch all the videos of the MISTRALS 2015 International Conference event on the IN2P3 CNRS Webcast site, including Richard Semp\u00e9r\u00e9's presentation, Overview of the MERMEX activities and indicators, and Fran\u00e7ois Carlotti's presentation, Ecological processes: biogeochemistry and food web interactions.<\/p>\r\n<p class=\"rtecenter\"><a href=\"https:\/\/webcast.in2p3.fr\/video\/mermex_programme_results\" target=\"_blank\" rel=\"noopener\"><img loading=\"lazy\" decoding=\"async\" style=\"width: 916px; height: 516px;\" src=\"\/wp-content\/uploads\/ancien-site\/images\/confmistrals2015.png\" alt=\"\" width=\"916\" height=\"516\" \/><\/a><\/p>\r\n\r\n<\/div>\r\n<\/div>\r\n<\/section><\/div>\r\n<\/div>\r\n<\/div>\r\n<\/div>\r\n<\/div>\r\n<\/div>\r\n<\/div>\r\n<\/div>\r\n<\/div>","protected":false},"featured_media":4489,"parent":0,"template":"","class_list":["post-7143","archive_page","type-archive_page","status-publish","has-post-thumbnail","hentry"],"acf":{"id_old":"53","category_old":"Production"},"_links":{"self":[{"href":"https:\/\/www.mio.osupytheas.fr\/en\/wp-json\/wp\/v2\/archive_page\/7143","targetHints":{"allow":["GET"]}}],"collection":[{"href":"https:\/\/www.mio.osupytheas.fr\/en\/wp-json\/wp\/v2\/archive_page"}],"about":[{"href":"https:\/\/www.mio.osupytheas.fr\/en\/wp-json\/wp\/v2\/types\/archive_page"}],"wp:featuredmedia":[{"embeddable":true,"href":"https:\/\/www.mio.osupytheas.fr\/en\/wp-json\/wp\/v2\/media\/4489"}],"wp:attachment":[{"href":"https:\/\/www.mio.osupytheas.fr\/en\/wp-json\/wp\/v2\/media?parent=7143"}],"curies":[{"name":"wp","href":"https:\/\/api.w.org\/{rel}","templated":true}]}}