{"id":20710,"date":"2025-04-07T18:50:13","date_gmt":"2025-04-07T16:50:13","guid":{"rendered":"https:\/\/www.mio.osupytheas.fr\/?page_id=20710"},"modified":"2025-04-07T19:26:01","modified_gmt":"2025-04-07T17:26:01","slug":"aerosol-tln-monitoring-atmospheric-deposits-in-toulon-harbour","status":"publish","type":"page","link":"https:\/\/www.mio.osupytheas.fr\/en\/recherche\/observation-des-oceans\/aerosol-tln-suivi-des-depots-atmospheriques-en-rade-de-toulon\/","title":{"rendered":"AEROSOL-TLN - Monitoring atmospheric deposits in Toulon harbour"},"content":{"rendered":"\t\t<div data-elementor-type=\"wp-page\" data-elementor-id=\"20710\" class=\"elementor elementor-20710\" data-elementor-post-type=\"page\">\n\t\t\t\t<div class=\"elementor-element elementor-element-441ba503 e-flex e-con-boxed e-con e-parent\" data-id=\"441ba503\" data-element_type=\"container\" data-e-type=\"container\" data-settings=\"{&quot;background_background&quot;:&quot;classic&quot;}\">\n\t\t\t\t\t<div class=\"e-con-inner\">\n\t\t<div class=\"elementor-element elementor-element-6640793d e-flex e-con-boxed e-con e-child\" data-id=\"6640793d\" data-element_type=\"container\" data-e-type=\"container\">\n\t\t\t\t\t<div class=\"e-con-inner\">\n\t\t\t\t<div class=\"elementor-element elementor-element-39fdfba1 elementor-widget__width-initial elementor-widget elementor-widget-theme-post-title elementor-page-title elementor-widget-heading\" data-id=\"39fdfba1\" data-element_type=\"widget\" data-e-type=\"widget\" data-widget_type=\"theme-post-title.default\">\n\t\t\t\t<div class=\"elementor-widget-container\">\n\t\t\t\t\t<h1 class=\"elementor-heading-title elementor-size-default\">AEROSOL-TLN &#8211; Suivi des d\u00e9p\u00f4ts atmosph\u00e9riques en Rade de Toulon<\/h1>\t\t\t\t<\/div>\n\t\t\t\t<\/div>\n\t\t\t\t<div class=\"elementor-element elementor-element-c746cd2 elementor-widget__width-initial breadcrumb elementor-widget elementor-widget-shortcode\" data-id=\"c746cd2\" data-element_type=\"widget\" data-e-type=\"widget\" data-widget_type=\"shortcode.default\">\n\t\t\t\t<div class=\"elementor-widget-container\">\n\t\t\t\t\t\t\t<div class=\"elementor-shortcode\"><nav aria-label=\"breadcrumbs\">\n            <div class=\"breadcrumb-container theme1\">\n                <ol>\n                                    <\/ol>\n            <\/div>\n        <\/nav>    <script type=\"application\/ld+json\">\n        {\n            \"@context\": \"http:\/\/schema.org\",\n            \"@type\": \"BreadcrumbList\",\n            \"itemListElement\": [\n                            ]\n        }\n    <\/script>\n   \n    <script>\n            <\/script>\n <\/div>\n\t\t\t\t\t\t<\/div>\n\t\t\t\t<\/div>\n\t\t\t\t\t<\/div>\n\t\t\t\t<\/div>\n\t\t\t\t\t<\/div>\n\t\t\t\t<\/div>\n\t\t<div class=\"elementor-element elementor-element-3c09d6e e-flex e-con-boxed e-con e-parent\" data-id=\"3c09d6e\" data-element_type=\"container\" data-e-type=\"container\">\n\t\t\t\t\t<div class=\"e-con-inner\">\n\t\t\t\t<div class=\"elementor-element elementor-element-2cd545c elementor-widget elementor-widget-text-editor\" data-id=\"2cd545c\" data-element_type=\"widget\" data-e-type=\"widget\" data-widget_type=\"text-editor.default\">\n\t\t\t\t<div class=\"elementor-widget-container\">\n\t\t\t\t\t\t\t\t\t<p><strong>Responsables de la station<\/strong> : <a href=\"mailto:durrieu@univ-tln.fr\" target=\"_blank\" rel=\"noopener\">Ga\u00ebl Durrieu<\/a> &amp; <a href=\"mailto:benjamin.oursel@mio.osupytheas.fr\" target=\"_blank\" rel=\"noopener\">Benjamin Oursel<\/a><\/p><p><strong>Partenaire<\/strong> : <a href=\"https:\/\/mediterranee.ifremer.fr\/implantations\/La-Seyne\" target=\"_blank\" rel=\"noopener\">IFREMER la Seyne sur Mer<\/a><\/p>\t\t\t\t\t\t\t\t<\/div>\n\t\t\t\t<\/div>\n\t\t\t\t\t<\/div>\n\t\t\t\t<\/div>\n\t\t<div class=\"elementor-element elementor-element-b7992fb e-flex e-con-boxed e-con e-parent\" data-id=\"b7992fb\" data-element_type=\"container\" data-e-type=\"container\" data-settings=\"{&quot;background_background&quot;:&quot;classic&quot;}\">\n\t\t\t\t\t<div class=\"e-con-inner\">\n\t\t\t\t<div class=\"elementor-element elementor-element-d90dad4 elementor-widget elementor-widget-heading\" data-id=\"d90dad4\" data-element_type=\"widget\" data-e-type=\"widget\" data-widget_type=\"heading.default\">\n\t\t\t\t<div class=\"elementor-widget-container\">\n\t\t\t\t\t<h3 class=\"elementor-heading-title elementor-size-default\">Contexte<\/h3>\t\t\t\t<\/div>\n\t\t\t\t<\/div>\n\t\t\t\t\t<\/div>\n\t\t\t\t<\/div>\n\t\t<div class=\"elementor-element elementor-element-f248759 e-flex e-con-boxed e-con e-parent\" data-id=\"f248759\" data-element_type=\"container\" data-e-type=\"container\" data-settings=\"{&quot;background_background&quot;:&quot;classic&quot;}\">\n\t\t\t\t\t<div class=\"e-con-inner\">\n\t\t\t\t<div class=\"elementor-element elementor-element-7e00480 elementor-widget elementor-widget-text-editor\" data-id=\"7e00480\" data-element_type=\"widget\" data-e-type=\"widget\" data-widget_type=\"text-editor.default\">\n\t\t\t\t<div class=\"elementor-widget-container\">\n\t\t\t\t\t\t\t\t\t<p style=\"text-align: justify;\">La rade de Toulon, situ\u00e9e au Nord-Ouest de la Mer M\u00e9diterran\u00e9e, est une baie semi-ferm\u00e9e d&#8217;environ 52 km\u00b2, divis\u00e9e en 2 sections in\u00e9gales (Petite et Grande Rade) par une digue artificielle. Elle est soumise \u00e0 un faible courant de mar\u00e9e, \u00e0 des apports en eau douce intermittents et relativement faibles (bassins versants du Las et de l&#8217;Eygoutier) et l&#8217;influence d&#8217;une agglom\u00e9ration d\u2019environ 0.5 M habitants ainsi que diverses activit\u00e9s anthropiques (marine nationale, 1.3 M de passagers\/an par ferries, aquaculture, tourisme, \u2026).<\/p><p style=\"text-align: justify;\">La particularit\u00e9 du site \u00e9tudi\u00e9 r\u00e9side aussi par les forts effets des vents dominants (mistral et vent d\u2019Est) sur la distribution des particules fines contamin\u00e9es et de leurs d\u00e9p\u00f4ts. Historiquement, la Rade de Toulon est depuis longtemps un port important et est actuellement le 1er port militaire fran\u00e7ais.<\/p><p style=\"text-align: justify;\">Compte tenu de ses caract\u00e9ristiques, la Rade de Toulon est, depuis plusieurs ann\u00e9es, un site atelier pour le M.I.O. De nombreux travaux scientifiques ont \u00e9t\u00e9 publi\u00e9s sur ce syst\u00e8me (Tessier et al., 2011 ; Dang et al., 2014 et 2015 ; Coclet et al., 2018 et 2020 ; Layglon et al., 2020) et ont apport\u00e9 leur concours aux gestionnaires et d\u00e9cisionnaires afin d\u2019identifier les contaminations chimiques, tracer leurs sources, et \u00e9valuer leurs impacts r\u00e9els sur le vivant.<\/p>\t\t\t\t\t\t\t\t<\/div>\n\t\t\t\t<\/div>\n\t\t\t\t\t<\/div>\n\t\t\t\t<\/div>\n\t\t<div class=\"elementor-element elementor-element-89ed13b e-flex e-con-boxed e-con e-parent\" data-id=\"89ed13b\" data-element_type=\"container\" data-e-type=\"container\">\n\t\t\t\t\t<div class=\"e-con-inner\">\n\t\t\t\t<div class=\"elementor-element elementor-element-96987cb elementor-widget elementor-widget-heading\" data-id=\"96987cb\" data-element_type=\"widget\" data-e-type=\"widget\" data-widget_type=\"heading.default\">\n\t\t\t\t<div class=\"elementor-widget-container\">\n\t\t\t\t\t<h3 class=\"elementor-heading-title elementor-size-default\">Description et objectifs<\/h3>\t\t\t\t<\/div>\n\t\t\t\t<\/div>\n\t\t\t\t\t<\/div>\n\t\t\t\t<\/div>\n\t\t<div class=\"elementor-element elementor-element-dec99c3 e-flex e-con-boxed e-con e-parent\" data-id=\"dec99c3\" data-element_type=\"container\" data-e-type=\"container\">\n\t\t\t\t\t<div class=\"e-con-inner\">\n\t\t\t\t<div class=\"elementor-element elementor-element-49eaeea elementor-widget elementor-widget-text-editor\" data-id=\"49eaeea\" data-element_type=\"widget\" data-e-type=\"widget\" data-widget_type=\"text-editor.default\">\n\t\t\t\t<div class=\"elementor-widget-container\">\n\t\t\t\t\t\t\t\t\t<p style=\"text-align: justify;\">En 2019 dans le cadre de la th\u00e8se de G. Durrieu, l\u2019\u00e9quipe CEM du M.I.O. d\u00e9cide d\u2019installer un pr\u00e9leveur de d\u00e9p\u00f4ts secs et humides (pr\u00eat de l\u2019IRB-Croatie) sur le toit d\u2019un b\u00e2timent de l\u2019IFREMER situ\u00e9 sur la zone portuaire de Br\u00e9gaillon \u00e0 la Seyne sur Mer (figure 1, 43\u00b006&#8217;25.1&#8243;N 5\u00b053&#8217;04.6&#8243;E). Le but de cette \u00e9tude est de caract\u00e9riser pr\u00e9cis\u00e9ment la qualit\u00e9 chimique des a\u00e9rosols d\u00e9pos\u00e9s dans cet \u00e9cosyst\u00e8me anthropis\u00e9 qu\u2019est la Rade de Toulon. L\u2019objectif ultime est de connaitre la contribution des a\u00e9rosols aux flux de contaminants apport\u00e9s \u00e0 la Rade. Un suivi mensuel est ainsi r\u00e9alis\u00e9 depuis juillet 2019 pour les d\u00e9p\u00f4ts secs et apr\u00e8s chaque pluie pour les d\u00e9p\u00f4ts humides. Les traitements et analyses r\u00e9alis\u00e9es sur ces d\u00e9p\u00f4ts sont d\u00e9taill\u00e9es dans la figure 2. Une station m\u00e9t\u00e9orologique est aussi install\u00e9e sur le site permettant ainsi d\u2019avoir des informations sur la direction et la vitesse du vent, la temp\u00e9rature, le taux d\u2019humidit\u00e9, \u2026<\/p><p style=\"text-align: justify;\">En 2022, pour donner suite aux r\u00e9sultats de la th\u00e8se de G. Durrieu, l\u2019\u00e9quipe CEM d\u00e9cide de perp\u00e9tuer cette station d\u2019observation et de continuer les pr\u00e9l\u00e8vements. D\u00e9but 2023, un pr\u00e9leveur est acquis sur fonds propres (figure 1), du m\u00eame type que celui du r\u00e9seau d\u2019observation MOOSE de l\u2019IR-ILICO, afin de pouvoir comparer notre \u00e9tude aux donn\u00e9es MOOSE.<\/p><p style=\"text-align: justify;\">Une base de donn\u00e9es est ainsi cr\u00e9\u00e9e. Les donn\u00e9es peuvent \u00eatre r\u00e9cup\u00e9r\u00e9es, sous conditions, par mail aupr\u00e8s de <a href=\"mailto:durrieu@univ-tln.fr\" target=\"_blank\" rel=\"noopener\">G. Durrieu<\/a> et <a href=\"mailto:benjamin.oursel@mio.osupytheas.fr\" target=\"_blank\" rel=\"noopener\">B. Oursel<\/a>.<\/p>\t\t\t\t\t\t\t\t<\/div>\n\t\t\t\t<\/div>\n\t\t\t\t\t<\/div>\n\t\t\t\t<\/div>\n\t\t<div class=\"elementor-element elementor-element-0cb75c9 e-flex e-con-boxed e-con e-parent\" data-id=\"0cb75c9\" data-element_type=\"container\" data-e-type=\"container\" data-settings=\"{&quot;background_background&quot;:&quot;classic&quot;}\">\n\t\t\t\t\t<div class=\"e-con-inner\">\n\t\t\t\t<div class=\"elementor-element elementor-element-d19e9fd elementor-widget elementor-widget-image\" data-id=\"d19e9fd\" data-element_type=\"widget\" data-e-type=\"widget\" data-widget_type=\"image.default\">\n\t\t\t\t<div class=\"elementor-widget-container\">\n\t\t\t\t\t\t\t\t\t\t\t\t\t\t\t<img fetchpriority=\"high\" decoding=\"async\" width=\"1113\" height=\"834\" src=\"https:\/\/www.mio.osupytheas.fr\/wp-content\/uploads\/2025\/04\/fig1.jpg\" class=\"attachment-1536x1536 size-1536x1536 wp-image-20745\" alt=\"photographie du pr\u00e9leveur de d\u00e9p\u00f4ts atmosph\u00e9riques et de la station m\u00e9t\u00e9o.\" srcset=\"https:\/\/www.mio.osupytheas.fr\/wp-content\/uploads\/2025\/04\/fig1.jpg 1113w, https:\/\/www.mio.osupytheas.fr\/wp-content\/uploads\/2025\/04\/fig1-300x225.jpg 300w, https:\/\/www.mio.osupytheas.fr\/wp-content\/uploads\/2025\/04\/fig1-1024x767.jpg 1024w, https:\/\/www.mio.osupytheas.fr\/wp-content\/uploads\/2025\/04\/fig1-768x575.jpg 768w, https:\/\/www.mio.osupytheas.fr\/wp-content\/uploads\/2025\/04\/fig1-16x12.jpg 16w\" sizes=\"(max-width: 1113px) 100vw, 1113px\" \/>\t\t\t\t\t\t\t\t\t\t\t\t\t\t\t<\/div>\n\t\t\t\t<\/div>\n\t\t\t\t\t<\/div>\n\t\t\t\t<\/div>\n\t\t<div class=\"elementor-element elementor-element-17ee78e e-flex e-con-boxed e-con e-parent\" data-id=\"17ee78e\" data-element_type=\"container\" data-e-type=\"container\" data-settings=\"{&quot;background_background&quot;:&quot;classic&quot;}\">\n\t\t\t\t\t<div class=\"e-con-inner\">\n\t\t\t\t<div class=\"elementor-element elementor-element-cf9b6b6 elementor-widget elementor-widget-text-editor\" data-id=\"cf9b6b6\" data-element_type=\"widget\" data-e-type=\"widget\" data-widget_type=\"text-editor.default\">\n\t\t\t\t<div class=\"elementor-widget-container\">\n\t\t\t\t\t\t\t\t\t<p style=\"text-align: center;\">Figure 1 : photographie du pr\u00e9leveur de d\u00e9p\u00f4ts atmosph\u00e9riques et de la station m\u00e9t\u00e9o<\/p>\t\t\t\t\t\t\t\t<\/div>\n\t\t\t\t<\/div>\n\t\t\t\t\t<\/div>\n\t\t\t\t<\/div>\n\t\t<div class=\"elementor-element elementor-element-e2b34a8 e-flex e-con-boxed e-con e-parent\" data-id=\"e2b34a8\" data-element_type=\"container\" data-e-type=\"container\" data-settings=\"{&quot;background_background&quot;:&quot;classic&quot;}\">\n\t\t\t\t\t<div class=\"e-con-inner\">\n\t\t\t\t<div class=\"elementor-element elementor-element-4744b29 elementor-widget elementor-widget-image\" data-id=\"4744b29\" data-element_type=\"widget\" data-e-type=\"widget\" data-widget_type=\"image.default\">\n\t\t\t\t<div class=\"elementor-widget-container\">\n\t\t\t\t\t\t\t\t\t\t\t\t\t\t\t<img decoding=\"async\" width=\"1386\" height=\"731\" src=\"https:\/\/www.mio.osupytheas.fr\/wp-content\/uploads\/2025\/04\/fig2.png\" class=\"attachment-1536x1536 size-1536x1536 wp-image-20746\" alt=\"Figure 2 : Sch\u00e9ma descriptif des traitements et analyses r\u00e9alis\u00e9es sur les d\u00e9p\u00f4ts\" srcset=\"https:\/\/www.mio.osupytheas.fr\/wp-content\/uploads\/2025\/04\/fig2.png 1386w, https:\/\/www.mio.osupytheas.fr\/wp-content\/uploads\/2025\/04\/fig2-300x158.png 300w, https:\/\/www.mio.osupytheas.fr\/wp-content\/uploads\/2025\/04\/fig2-1024x540.png 1024w, https:\/\/www.mio.osupytheas.fr\/wp-content\/uploads\/2025\/04\/fig2-768x405.png 768w, https:\/\/www.mio.osupytheas.fr\/wp-content\/uploads\/2025\/04\/fig2-18x9.png 18w, https:\/\/www.mio.osupytheas.fr\/wp-content\/uploads\/2025\/04\/fig2-1320x696.png 1320w\" sizes=\"(max-width: 1386px) 100vw, 1386px\" \/>\t\t\t\t\t\t\t\t\t\t\t\t\t\t\t<\/div>\n\t\t\t\t<\/div>\n\t\t\t\t\t<\/div>\n\t\t\t\t<\/div>\n\t\t<div class=\"elementor-element elementor-element-ed5028d e-flex e-con-boxed e-con e-parent\" data-id=\"ed5028d\" data-element_type=\"container\" data-e-type=\"container\" data-settings=\"{&quot;background_background&quot;:&quot;classic&quot;}\">\n\t\t\t\t\t<div class=\"e-con-inner\">\n\t\t\t\t<div class=\"elementor-element elementor-element-4039418 elementor-widget elementor-widget-text-editor\" data-id=\"4039418\" data-element_type=\"widget\" data-e-type=\"widget\" data-widget_type=\"text-editor.default\">\n\t\t\t\t<div class=\"elementor-widget-container\">\n\t\t\t\t\t\t\t\t\t<p style=\"text-align: center;\">Figure 2 : Sch\u00e9ma descriptif des traitements et analyses r\u00e9alis\u00e9es sur les d\u00e9p\u00f4ts<\/p>\t\t\t\t\t\t\t\t<\/div>\n\t\t\t\t<\/div>\n\t\t\t\t\t<\/div>\n\t\t\t\t<\/div>\n\t\t<div class=\"elementor-element elementor-element-e621ec7 e-flex e-con-boxed e-con e-parent\" data-id=\"e621ec7\" data-element_type=\"container\" data-e-type=\"container\" data-settings=\"{&quot;background_background&quot;:&quot;classic&quot;}\">\n\t\t\t\t\t<div class=\"e-con-inner\">\n\t\t\t\t<div class=\"elementor-element elementor-element-8c47b88 elementor-widget elementor-widget-heading\" data-id=\"8c47b88\" data-element_type=\"widget\" data-e-type=\"widget\" data-widget_type=\"heading.default\">\n\t\t\t\t<div class=\"elementor-widget-container\">\n\t\t\t\t\t<h3 class=\"elementor-heading-title elementor-size-default\">R\u00e9f\u00e9rences<\/h3>\t\t\t\t<\/div>\n\t\t\t\t<\/div>\n\t\t\t\t\t<\/div>\n\t\t\t\t<\/div>\n\t\t<div class=\"elementor-element elementor-element-69fb192 e-flex e-con-boxed e-con e-parent\" data-id=\"69fb192\" data-element_type=\"container\" data-e-type=\"container\" data-settings=\"{&quot;background_background&quot;:&quot;classic&quot;}\">\n\t\t\t\t\t<div class=\"e-con-inner\">\n\t\t\t\t<div class=\"elementor-element elementor-element-2292480 elementor-widget elementor-widget-text-editor\" data-id=\"2292480\" data-element_type=\"widget\" data-e-type=\"widget\" data-widget_type=\"text-editor.default\">\n\t\t\t\t<div class=\"elementor-widget-container\">\n\t\t\t\t\t\t\t\t\t<p style=\"text-align: justify;\">Coclet C., Garnier C., Delpy F., Jamet D., Gurrieu G., Le Poupon C., Mayer M. &amp; B. Misson, 2018, <em>Tarce metal contamination as a toxic and structuring factor impacting ultraphytoplankton communities in a multicontaminated Mediterranean coastal area<\/em>, Progess in Oceanography, DOI: 10.1016\/j.pocean.2017.06.006.<\/p><p style=\"text-align: justify;\">Coclet C., Garnier C., Durrieu G., D\u2019Onofrio S., Layglon N., Briand J-F. &amp; Misson B., 2020, <em>Impacts of copper and lead exposure on prokaryotic communities from contaminated contrasted coastal seawaters: the influence of previous metal exposure,<\/em> FEMS Microbiology Ecology, DOI: 10.1093\/femsec\/fiaa048.<\/p><p style=\"text-align: justify;\">Dang D.H., Tessier E., Lenoble V., Durrieu G., Omanovic D., Mullot J-U., Pfeifer H-R., Mounier S. &amp; Garnier C., 2014, <em>Key parameters controlling arsenic dynamics in coastal sediments : An analytical and modelling approach, <\/em>Marine Chemistry, DOI: 10.1016\/j.marchem.2014.02.005.<\/p><p style=\"text-align: justify;\">Dang D.H., Sch\u00e4fer J., Brach-Papa C., Lenoble V., Durrieu G., Dutruch L., Chiffoleau J-F., Gonzales J-L., Blanc G., Mullot J-U., Mounier S. &amp; Garnier C., 2015, <em>Evidencing the impact of coastal contaminated sediments on mussels through Pb stable isotopes composition, <\/em>Environmental Science and Technology, DOI : 10.1021\/acs.est.5b01893.<\/p><p style=\"text-align: justify;\">Layglon N., Misson M., Durrieu G., Coclet C., D\u2019Onofrio S., Dang D.H., Fran\u00e7ois D., Mullot J-U., Mounier S., Lenoble V., Omanovic D. &amp; Garnier C., 2020, <em>Long-term monitoring emphasizes impacts of the dredging on dissolved Cu and Pb contamination along with ultraplankton distribution and structure in Toulon Bay (NW Mediterranean Sea, France), <\/em>Marine Pollution Bulletin, DOI: 10.1016\/j.marpolbul.2020.111196.<\/p><p style=\"text-align: justify;\">Tessier E., Garnier C., Mullot J-U., Lenoble V., Arnaud M., Raynaud M. &amp; Mounier S., 2011, <em>Study of the spatial and historical distribution of sediment inorganic contamination in the Toulon Bay (France),<\/em> Marine Pollution Bulletin, DOI: 10.1016\/j.marpolbul.2011.07.022.<\/p><p>\u00a0<\/p>\t\t\t\t\t\t\t\t<\/div>\n\t\t\t\t<\/div>\n\t\t\t\t\t<\/div>\n\t\t\t\t<\/div>\n\t\t\t\t<\/div>\n\t\t","protected":false},"excerpt":{"rendered":"<p>Responsables de la station : Ga\u00ebl Durrieu &amp; Benjamin OurselPartenaire : IFREMER la Seyne sur Mer Contexte La rade de Toulon, situ\u00e9e au Nord-Ouest de la Mer M\u00e9diterran\u00e9e, est une [&hellip;]<\/p>\n","protected":false},"author":319,"featured_media":4489,"parent":20711,"menu_order":0,"comment_status":"closed","ping_status":"closed","template":"","meta":{"_acf_changed":false,"footnotes":""},"class_list":["post-20710","page","type-page","status-publish","has-post-thumbnail","hentry"],"acf":[],"_links":{"self":[{"href":"https:\/\/www.mio.osupytheas.fr\/en\/wp-json\/wp\/v2\/pages\/20710","targetHints":{"allow":["GET"]}}],"collection":[{"href":"https:\/\/www.mio.osupytheas.fr\/en\/wp-json\/wp\/v2\/pages"}],"about":[{"href":"https:\/\/www.mio.osupytheas.fr\/en\/wp-json\/wp\/v2\/types\/page"}],"author":[{"embeddable":true,"href":"https:\/\/www.mio.osupytheas.fr\/en\/wp-json\/wp\/v2\/users\/319"}],"replies":[{"embeddable":true,"href":"https:\/\/www.mio.osupytheas.fr\/en\/wp-json\/wp\/v2\/comments?post=20710"}],"version-history":[{"count":22,"href":"https:\/\/www.mio.osupytheas.fr\/en\/wp-json\/wp\/v2\/pages\/20710\/revisions"}],"predecessor-version":[{"id":20765,"href":"https:\/\/www.mio.osupytheas.fr\/en\/wp-json\/wp\/v2\/pages\/20710\/revisions\/20765"}],"up":[{"embeddable":true,"href":"https:\/\/www.mio.osupytheas.fr\/en\/wp-json\/wp\/v2\/pages\/20711"}],"wp:featuredmedia":[{"embeddable":true,"href":"https:\/\/www.mio.osupytheas.fr\/en\/wp-json\/wp\/v2\/media\/4489"}],"wp:attachment":[{"href":"https:\/\/www.mio.osupytheas.fr\/en\/wp-json\/wp\/v2\/media?parent=20710"}],"curies":[{"name":"wp","href":"https:\/\/api.w.org\/{rel}","templated":true}]}}