{"id":26138,"date":"2026-04-30T12:55:55","date_gmt":"2026-04-30T10:55:55","guid":{"rendered":"https:\/\/www.mio.osupytheas.fr\/?post_type=tribe_events&#038;p=26138"},"modified":"2026-04-30T15:13:50","modified_gmt":"2026-04-30T13:13:50","slug":"curathon-amu-atelier-de-presentation-de-lespace-dentrepot-institutionnel-datamu","status":"publish","type":"tribe_events","link":"https:\/\/www.mio.osupytheas.fr\/en\/agenda\/curathon-amu-atelier-de-presentation-de-lespace-dentrepot-institutionnel-datamu\/","title":{"rendered":"CURATHON AMU &#8211; Atelier de pr\u00e9sentation de l&#8217;espace d&#8217;entrep\u00f4t institutionnel DAT&#8217;AMU"},"content":{"rendered":"<p style=\"text-align: justify;\">Un atelier de pr\u00e9sentation de l&#8217;espace d&#8217;entrep\u00f4t institutionnel <em>DAT&#8217;AMU<\/em> et de l&#8217;entrep\u00f4t Recherche Data Gouv aura lieu le <strong>mardi 5 mai 2026 <\/strong>de 9h30 \u00e0 16h30 au Campus Saint-Charles, salle informatique dans la Biblioth\u00e8que universitaire.<\/p>\r\n<p style=\"text-align: justify;\">Anim\u00e9 par <a href=\"mailto:Francine.Filoche@univ-amu.fr\" target=\"_blank\" rel=\"noopener\">Francine Filoche<\/a>, IE-Charg\u00e9e de mission donn\u00e9es de recherches, Atelier de la donn\u00e9e AMU \u2013 P\u00f4le d&#8217;appui \u00e0 la recherche, Science ouverte et syst\u00e8me d&#8217;information documentaire des BU AMU ;\r\n&amp;\r\nDamien Sans, IE-Data steward, Recherche Data Gouv, Espace g\u00e9n\u00e9rique INRAE.<\/p>\r\n\r\n<h4 style=\"text-align: justify;\"><strong>Venez participer et \u00e9changer au\u00a0 <a href=\"https:\/\/gdsam.univ-amu.fr\/%C3%A9v%C3%A8nement\/curathon-amu\/\" target=\"_blank\" rel=\"noopener\">Curathon AMU<\/a><\/strong><\/h4>\r\n<p style=\"text-align: justify;\">Partager, documenter les jeux de donn\u00e9es dans un entrep\u00f4t <em>DAT&#8217;AMU<\/em>, espace institutionnel d&#8217;entrep\u00f4t rattach\u00e9 \u00e0 l&#8217;\u00e9cosyst\u00e8me Recherche Data Gouv.<\/p>\r\n\r\n<h4 style=\"text-align: justify;\"><\/h4>\r\n<h4 style=\"text-align: justify;\"><strong>Le principe<\/strong><\/h4>\r\n<p style=\"text-align: justify;\">Sur une journ\u00e9e, am\u00e9liorer collectivement la qualit\u00e9 documentaire de jeux de donn\u00e9es d\u00e9pos\u00e9s dans tout entrep\u00f4t de donn\u00e9es de recherche, en toute convivialit\u00e9 et \u00e9changer.<\/p>\r\n\r\n<h4 style=\"text-align: justify;\"><\/h4>\r\n<h4 style=\"text-align: justify;\"><strong>Objectives<\/strong><\/h4>\r\n<p style=\"text-align: justify;\">Monter en comp\u00e9tences sur la curation documentaire des donn\u00e9es et \u00e9changer sur les bonnes pratiques avec des coll\u00e8gues de tous horizons, avec des cas pratiques de curation de jeux de donn\u00e9es, quel que soit leur \u00e9tat d&#8217;avancement.<\/p>\r\n\r\n<h4 style=\"text-align: justify;\"><strong>Public<\/strong><\/h4>\r\n<p style=\"text-align: justify;\">Ce Curathon s&#8217;adresse \u00e0 toute personne impliqu\u00e9e dans le partage de donn\u00e9es, la curation documentaire et la r\u00e9utilisation libre des donn\u00e9es de la recherche (chercheurs, doctorant, personnels d&#8217;accompagnement, ateliers de la donn\u00e9e, centres de r\u00e9f\u00e9rence th\u00e9matiques, administrateurs-curateurs dans des entrep\u00f4ts de donn\u00e9es&#8230;)<\/p>\r\n\r\n<h4 style=\"text-align: justify;\"><strong>Programme\u00a0<\/strong><\/h4>\r\n<p style=\"text-align: justify;\"><strong>Morning<\/strong>\u00a0 Accueil Caf\u00e9 d\u00e8s 9h30<\/p>\r\n\r\n<ul style=\"text-align: justify;\">\r\n \t<li>Rappel sur les bonnes pratiques et les outils<\/li>\r\n \t<li>Modalit\u00e9s de d\u00e9p\u00f4t dans l&#8217;entrep\u00f4t DAT &#8216; AMU<\/li>\r\n \t<li>Retours d&#8217;exp\u00e9rience : la curation dans vos entrep\u00f4ts\/espace\/collections\/sous-collections\/formulaire personnalis\u00e9 de saisie de m\u00e9tadonn\u00e9es<\/li>\r\n<\/ul>\r\n<p style=\"text-align: justify;\"><strong>Pause m\u00e9ridienne<\/strong> panier repas offert<\/p>\r\n<p style=\"text-align: justify;\"><strong>Afternoon<\/strong><\/p>\r\n\r\n<ul style=\"text-align: justify;\">\r\n \t<li>Curation de jeux de donn\u00e9es<\/li>\r\n \t<li>R\u00e9daction de rapport de curation<\/li>\r\n \t<li>Temps d&#8217;\u00e9changes<\/li>\r\n<\/ul>\r\n<p style=\"text-align: justify;\"><strong>Recommandations<\/strong> : Se munir de son poste informatique, auquel cas des postes et acc\u00e8s internet seront disponibles sur places.<\/p>","protected":false},"excerpt":{"rendered":"<p>Un atelier de pr\u00e9sentation de l&#8217;espace d&#8217;entrep\u00f4t institutionnel DAT&#8217;AMU et de l&#8217;entrep\u00f4t Recherche Data Gouv aura lieu le mardi 5 mai 2026 de 9h30 \u00e0 16h30 au Campus Saint-Charles, salle [&hellip;]<\/p>\n","protected":false},"author":319,"featured_media":26139,"template":"","meta":{"_acf_changed":false,"_tribe_events_status":"","_tribe_events_status_reason":"","footnotes":""},"tags":[],"tribe_events_cat":[23,53],"class_list":["post-26138","tribe_events","type-tribe_events","status-publish","has-post-thumbnail","hentry","tribe_events_cat-ateliers","tribe_events_cat-hors-mio-hebdo","cat_ateliers","cat_hors-mio-hebdo"],"acf":[],"_links":{"self":[{"href":"https:\/\/www.mio.osupytheas.fr\/en\/wp-json\/wp\/v2\/tribe_events\/26138","targetHints":{"allow":["GET"]}}],"collection":[{"href":"https:\/\/www.mio.osupytheas.fr\/en\/wp-json\/wp\/v2\/tribe_events"}],"about":[{"href":"https:\/\/www.mio.osupytheas.fr\/en\/wp-json\/wp\/v2\/types\/tribe_events"}],"author":[{"embeddable":true,"href":"https:\/\/www.mio.osupytheas.fr\/en\/wp-json\/wp\/v2\/users\/319"}],"version-history":[{"count":3,"href":"https:\/\/www.mio.osupytheas.fr\/en\/wp-json\/wp\/v2\/tribe_events\/26138\/revisions"}],"predecessor-version":[{"id":26142,"href":"https:\/\/www.mio.osupytheas.fr\/en\/wp-json\/wp\/v2\/tribe_events\/26138\/revisions\/26142"}],"wp:featuredmedia":[{"embeddable":true,"href":"https:\/\/www.mio.osupytheas.fr\/en\/wp-json\/wp\/v2\/media\/26139"}],"wp:attachment":[{"href":"https:\/\/www.mio.osupytheas.fr\/en\/wp-json\/wp\/v2\/media?parent=26138"}],"wp:term":[{"taxonomy":"post_tag","embeddable":true,"href":"https:\/\/www.mio.osupytheas.fr\/en\/wp-json\/wp\/v2\/tags?post=26138"},{"taxonomy":"tribe_events_cat","embeddable":true,"href":"https:\/\/www.mio.osupytheas.fr\/en\/wp-json\/wp\/v2\/tribe_events_cat?post=26138"}],"curies":[{"name":"wp","href":"https:\/\/api.w.org\/{rel}","templated":true}]}}