{"id":21050,"date":"2025-04-01T10:55:12","date_gmt":"2025-04-01T08:55:12","guid":{"rendered":"https:\/\/www.mio.osupytheas.fr\/?post_type=appel_offre&#038;p=21050"},"modified":"2025-05-12T13:36:04","modified_gmt":"2025-05-12T11:36:04","slug":"amu-festival-des-sciences-et-des-arts-theme-2025-science-et-croyances-appel-a-participation","status":"publish","type":"appel_offre","link":"https:\/\/www.mio.osupytheas.fr\/fr\/appel_offre\/amu-festival-des-sciences-et-des-arts-theme-2025-science-et-croyances-appel-a-participation\/","title":{"rendered":"AMU &#8211; Festival des Sciences et des Arts &#8211; Th\u00e8me 2025 \u00ab Science et Croyances \u00bb \u2013 Appel \u00e0 participation"},"content":{"rendered":"<p style=\"text-align: justify;\">Pour sa 6\u1d49 \u00e9dition, du <strong>16<\/strong> au <strong>20 septembre 2025<\/strong>, le Festival s&#8217;aligne avec le mouvement <em>Stand up for Science<\/em>, lanc\u00e9 en mars 2025, qui vise \u00e0 d\u00e9fendre l&#8217;int\u00e9grit\u00e9 scientifique et \u00e0 promouvoir la confiance dans les m\u00e9thodes de recherche. Dans un contexte o\u00f9 la d\u00e9sinformation menace la cr\u00e9dibilit\u00e9 des institutions scientifiques, ce mouvement sensibilise le public \u00e0 l&#8217;importance d&#8217;une science fond\u00e9e sur des preuves et encourage un discours public \u00e9clair\u00e9. En soutien \u00e0 cette initiative, AmU a offert des r\u00e9sidences de recherche \u00e0 des chercheurs am\u00e9ricains en difficult\u00e9 dans leur pays.\r\nLe Festival des Sciences et des Arts, fort du succ\u00e8s de son \u00e9dition pr\u00e9c\u00e9dente intitul\u00e9e\u00a0 <em>Corps-\u00e0-corps<\/em>\u00a0 qui a rassembl\u00e9e pour de 6000 participants, se pr\u00e9pare \u00e0 explorer cette ann\u00e9e un th\u00e8me crucial : la relation entre science et croyances.\r\nHistoriquement per\u00e7ues comme oppos\u00e9es, la science et les croyances ont toujours interagi de mani\u00e8re significative dans notre perception du monde. Depuis l&#8217;Antiquit\u00e9, les soci\u00e9t\u00e9s ont cherch\u00e9 \u00e0 comprendre leur environnement \u00e0 travers ces deux prismes : l&#8217;un bas\u00e9 sur l&#8217;observation et l&#8217;exp\u00e9rimentation, l&#8217;autre ancr\u00e9 dans des convictions culturelles.<\/p>\r\n\r\n<h4 style=\"text-align: justify;\"><strong>Appel \u00e0 participation<\/strong><\/h4>\r\n<p style=\"text-align: justify;\">Le conseil scientifique du Festival des Sciences et des Arts s\u00e9lectionnera les projets selon deux crit\u00e8res majeurs \u2013 leur dimension interdisciplinaire et leur plus-value pour la formation \u00e9tudiante. \u00c0 ce titre, des propositions \u00e9labor\u00e9es par des \u00e9tudiants dans le cadre de leur cursus, en lien avec leurs enseignants-chercheurs et chercheurs sont \u00e9ligibles.\r\nPar ailleurs, le Festival est \u00e9galement attentif \u00e0 la diversit\u00e9 des formats dans sa programmation. N\u2019h\u00e9sitez pas \u00e0 consulter la programmation de l\u2019ann\u00e9e derni\u00e8re pour vous faire une id\u00e9e : https:\/\/festivaljeudeloie.univ-amu.fr\/programme\/<\/p>\r\n\r\n<ol>\r\n \t<li style=\"text-align: justify;\">Cartes blanches : Propositions libres \u00e0 destination d\u2019un public large interne et\/ou externe \u00e0 l\u2019universit\u00e9, sous forme de rencontres, ateliers ou performances sur un sujet d\u00e9fini par les participants et accompagn\u00e9es par le festival. Elles doivent \u00eatre le plus d\u00e9taill\u00e9es possibles afin de mesurer leur possibilit\u00e9 de r\u00e9alisation.<\/li>\r\n \t<li style=\"text-align: justify;\">Masterclass : Temps de communication scientifique, de formation, d\u2019\u00e9changes privil\u00e9gi\u00e9s, partage d\u2019exp\u00e9riences ou perfectionnement d\u2019une th\u00e9matique \u00e0 destination des \u00e9tudiants, afin d\u2019explorer de mani\u00e8re plus d\u00e9taill\u00e9e les th\u00e9matiques du th\u00e8me du festival.<\/li>\r\n<\/ol>\r\n&nbsp;\r\n<p style=\"text-align: justify;\">Date de cl\u00f4ture de l\u2019appel \u00e0 participation : <strong>29 avril 2024<\/strong> \u00e0 minuit.\r\n<strong>Contact<\/strong> : <a href=\"mailto:mint-contact@univ-amu.fr\" target=\"_blank\" rel=\"noopener\">mint-contact@univ-amu.fr<\/a><\/p>\r\n&nbsp;\r\n<h4><a href=\"https:\/\/amuform.univ-amu.fr\/titre-du-formulaire156\" target=\"_blank\" rel=\"noopener\"><strong>S&#8217;inscrire<\/strong><\/a><\/h4>\r\n&nbsp;\r\n<p style=\"text-align: center;\"><img fetchpriority=\"high\" decoding=\"async\" class=\"alignnone wp-image-21051 size-large\" src=\"https:\/\/www.mio.osupytheas.fr\/wp-content\/uploads\/2025\/04\/FestivalSciencesArts2025AMU-1024x576.jpeg\" alt=\"\" width=\"1024\" height=\"576\" srcset=\"https:\/\/www.mio.osupytheas.fr\/wp-content\/uploads\/2025\/04\/FestivalSciencesArts2025AMU-1024x576.jpeg 1024w, https:\/\/www.mio.osupytheas.fr\/wp-content\/uploads\/2025\/04\/FestivalSciencesArts2025AMU-300x169.jpeg 300w, https:\/\/www.mio.osupytheas.fr\/wp-content\/uploads\/2025\/04\/FestivalSciencesArts2025AMU-768x432.jpeg 768w, https:\/\/www.mio.osupytheas.fr\/wp-content\/uploads\/2025\/04\/FestivalSciencesArts2025AMU-1536x864.jpeg 1536w, https:\/\/www.mio.osupytheas.fr\/wp-content\/uploads\/2025\/04\/FestivalSciencesArts2025AMU-18x10.jpeg 18w, https:\/\/www.mio.osupytheas.fr\/wp-content\/uploads\/2025\/04\/FestivalSciencesArts2025AMU-1320x743.jpeg 1320w, https:\/\/www.mio.osupytheas.fr\/wp-content\/uploads\/2025\/04\/FestivalSciencesArts2025AMU.jpeg 1920w\" sizes=\"(max-width: 1024px) 100vw, 1024px\" \/><\/p>","protected":false},"parent":0,"template":"","categorie":[37],"class_list":["post-21050","appel_offre","type-appel_offre","status-publish","hentry"],"acf":{"date_limite":"20250429","id_old":""},"_links":{"self":[{"href":"https:\/\/www.mio.osupytheas.fr\/fr\/wp-json\/wp\/v2\/appel_offre\/21050","targetHints":{"allow":["GET"]}}],"collection":[{"href":"https:\/\/www.mio.osupytheas.fr\/fr\/wp-json\/wp\/v2\/appel_offre"}],"about":[{"href":"https:\/\/www.mio.osupytheas.fr\/fr\/wp-json\/wp\/v2\/types\/appel_offre"}],"wp:attachment":[{"href":"https:\/\/www.mio.osupytheas.fr\/fr\/wp-json\/wp\/v2\/media?parent=21050"}],"wp:term":[{"taxonomy":"categorie","embeddable":true,"href":"https:\/\/www.mio.osupytheas.fr\/fr\/wp-json\/wp\/v2\/categorie?post=21050"}],"curies":[{"name":"wp","href":"https:\/\/api.w.org\/{rel}","templated":true}]}}