{"id":7196,"date":"2019-02-20T00:42:34","date_gmt":"2019-02-19T23:42:34","guid":{"rendered":"https:\/\/www.mio.osupytheas.fr\/fr\/archive_page\/trimaran-ocarina\/"},"modified":"2019-02-20T00:42:34","modified_gmt":"2019-02-19T23:42:34","slug":"trimaran-ocarina","status":"publish","type":"archive_page","link":"https:\/\/www.mio.osupytheas.fr\/fr\/trimaran-ocarina\/","title":{"rendered":"Trimaran OCARINA"},"content":{"rendered":"<div id=\"basic-page-content\" class=\"page-content\">    <div class=\"content\">    <div class=\"container-fluid\">      <div class=\"row\">                  <div class=\"container clearfix\">            <div class=\"row\">              <div class=\"col-xs-12\">                              <\/div>            <\/div>          <\/div>                                  <div class=\"paragraphs\">            <div class=\"paragraphs-items paragraphs-items-field-paragraphs paragraphs-items-field-paragraphs-full paragraphs-items-full\">  <div class=\"field field-name-field-paragraphs field-type-paragraphs field-label-hidden\"><div class=\"field-items\"><div class=\"field-item even\"><section class=\"paragraph-section paragraph-texte-simple paragraph-gris\">  <div class=\"container\">             <div class=\"paragraph-content\">        <p class=\"rtejustify\">La plateforme OCARINA (Oc\u00e9an Coupl\u00e9 \u00e0 l\u2019Atmosph\u00e8re, Recherche sur l\u2019Interface sur Navire Annexe) est un dr\u00f4ne naval de surface d\u00e9velopp\u00e9 sp\u00e9cifiquement pour effectuer des mesures des \u00e9changes turbulents et radiatifs \u00e0 l\u2019interface oc\u00e9an\/atmosph\u00e8re.<\/p><p class=\"rtejustify\">Con\u00e7ue et r\u00e9alis\u00e9e au LATMOS en 2009, la version initiale d\u2019OCARINA a \u00e9volu\u00e9 au fil des campagnes et des collaborations avec la DT-INSU, l\u2019Ifremer, le LOCEAN, et l\u2019IRPHE.<\/p><p class=\"rtejustify\">\u00a0<\/p><p class=\"rtecenter\"><img fetchpriority=\"high\" decoding=\"async\" alt=\"\" src=\"\/wp-content\/uploads\/ancien-site\/images\/Documents\/ocarina1.jpg\" style=\"width: 500px; height: 282px;\" width=\"500\" height=\"282\"><\/p><p class=\"rtecenter\">D\u00e9ploiement de nuit du trimaran OCARINA, depuis le portique arri\u00e8re de l\u2019Atalante (Genavir\/Ifremer), en 2012<\/p>      <\/div>      <\/div><\/section><\/div><div class=\"field-item odd\"><section class=\"paragraph-section paragraph-texte-simple paragraph-blanc\">  <div class=\"container\">             <div class=\"paragraph-content\">        <p class=\"rtejustify\">Les instruments embarqu\u00e9s sont une centrale inertielle, un GPS, un an\u00e9mom\u00e8tre sonique, une sonde de mesure des flux radiatifs montants et descendants dans l\u2019infrarouge et dans les longueurs d\u2019ondes visibles, une sonde immerg\u00e9e de type CT, et une station m\u00e9t\u00e9orologique.<\/p><p class=\"rtejustify\">\u00a0<\/p><p class=\"rtecenter\"><img decoding=\"async\" alt=\"\" src=\"\/wp-content\/uploads\/ancien-site\/images\/Documents\/ocarina2.png\" style=\"text-align: start; width: 500px; height: 430px;\" width=\"500\" height=\"430\"><\/p><p class=\"rtejustify\">\u00a0<\/p><p class=\"rtejustify\">La plateforme OCARINA est utilis\u00e9e comme une bou\u00e9e d\u00e9rivante, localis\u00e9e par balise SPOT ou par modem Iridium. On la d\u00e9ploie pour des p\u00e9riodes de dix heures \u00e0 partir d\u2019un zodiac ou \u00e0 partir du portique arri\u00e8re d\u2019un navire oc\u00e9anographique. Les donn\u00e9es sont stock\u00e9es sur carte SD.<\/p><p class=\"rtejustify\">OCARINA a \u00e9t\u00e9 mise en oeuvre lors de plusieurs campagnes, dont FROMVAR 2011 (L. Mari\u00e9, Ifremer), STRASSE 2012 (G. Reverdin), AMOP 2014 (B. Dewitte), et BBWAVES 2015 et 2016 (F. Ardhuin).<\/p><p class=\"rtejustify\">OCARINA est compl\u00e9mentaire par rapport aux m\u00e2ts de mesures \u00e0 l\u2019avant des navires oc\u00e9anographiques. Son avantage est de tr\u00e8s peu perturber son environnement, et de fournir une estimation de l\u2019\u00e9tat de mer, car la plateforme suit le mouvement des vagues. Ses inconv\u00e9nients sont une autonomie limit\u00e9e (10 heures) et le fait de ne pouvoir affronter un fort \u00e9tat de mer. A ce jour, nous avons obtenu des mesures dans des conditions jusqu\u2019\u00e0 12 m\/s en vent et 3.5 m de houle.<\/p><p class=\"rtejustify\">Les donn\u00e9es de niveau 2 fournies sont\u00a0:<\/p><ul><li class=\"rtejustify\">la localisation, la vitesse, le cap point\u00e9 et la route suivie<\/li><li class=\"rtejustify\">la hauteur et la p\u00e9riode significative des vagues plus longues que deux m\u00e8tres<\/li><li class=\"rtejustify\">la temp\u00e9rature de l\u2019eau (SST) \u00e0 une profondeur de 30 cm<\/li><li class=\"rtejustify\">la salinit\u00e9 de surface (SSS)<\/li><li class=\"rtejustify\">les variables m\u00e9t\u00e9orologiques (vent en module et direction, temp\u00e9rature, humidit\u00e9 et pression) \u00e0 une m\u00e8tre de haut.<\/li><li class=\"rtejustify\">les flux solaires et infrarouge montants et descendants<\/li><li class=\"rtejustify\">les flux turbulents bulk (u*, Hs et LE), et le rapport de Monin-Obukhov (z\/L)<\/li><li class=\"rtejustify\">u* et Hsv (le flux turbulent de flottabilit\u00e9) estim\u00e9s par m\u00e9thode inertio-dissipative<\/li><li class=\"rtejustify\">u* et Hsv estim\u00e9s par m\u00e9thode des covariances<\/li><\/ul>      <\/div>      <\/div><\/section><\/div><div class=\"field-item even\"><section class=\"paragraph-section paragraph-texte-simple paragraph-bleu\">  <div class=\"container\">             <div class=\"paragraph-content\">        <p class=\"rtecenter\"><img decoding=\"async\" alt=\"\" src=\"\/wp-content\/uploads\/ancien-site\/images\/Documents\/ocarina3.jpg\" style=\"width: 500px; height: 266px;\" width=\"500\" height=\"266\"><\/p><h3>\u00a0<\/h3><h3><span style=\"color:#F0F8FF;\">R\u00e9f\u00e9rences <\/span><\/h3><ul><li class=\"rtejustify\">Bourras, D., Cambra, R., Mari\u00e9, L., Bouin, M.-N., Baggio, L., Branger, H., et al. (2019). Air-sea turbulent fluxes from a wave-following platform during six experiments at sea. Journal of Geophysical Research: Oceans, 124, 4290\u20134321. <a href=\"https:\/\/doi.org\/10.1029\/2018JC014803\" target=\"_blank\" rel=\"noopener\">https:\/\/doi.org\/10.1029\/2018JC014803<\/a><\/li><li class=\"rtejustify\">Sentchev, A., M. Yaremchuk, D. Bourras, I. Pairaud, and P. Frauni\u00e9, 2023: Estimation of the Eddy Viscosity Profile in the Sea Surface Boundary Layer from Underway ADCP Observations. J. Atmos. Oceanic Technol., 40, 1291\u20131305, <a href=\"https:\/\/doi.org\/10.1175\/JTECH-D-22-0083.1\" target=\"_blank\" rel=\"noopener\">https:\/\/doi.org\/10.1175\/JTECH-D-22-0083.1<\/a>.<\/li><li class=\"rtejustify\">Bourras, D., H. Branger, G. Reverdin, L. Mari\u00e9, R. Cambra, L. Baggio, C. Caudoux, G. Caudal, S. Morisset, N. Geyskens, D. Hauser, A. Weill, D. Hauser, 2014. <em>A new platform for the determination of Air-Sea Fluxes (OCARINA)\u00a0: overview and first results<\/em>. J. Atmos. Oceanic Technol., 31, 1043\u20131062.\u00a0doi\u00a0: <a href=\"http:\/\/dx.doi.org\/10.1175\/JTECH-D-13-00055.1\" target=\"_blank\" rel=\"noopener\">http:\/\/dx.doi.org\/10.1175\/JTECH-D-13-00055.1<\/a>.<\/li><li class=\"rtejustify\">Cambra, R., <em>Etude des flux turbulents \u00e0 l\u2019interface air-mer \u00e0 partir de donn\u00e9es de la plateforme OCARINA<\/em>. Th\u00e8se de doctorat de l\u2019universit\u00e9 de Versaille Saint-Quentin-en-Yvelines, 320 pages, soutenue le 4 d\u00e9cembre 2015.<\/li><\/ul>      <\/div>      <\/div><\/section><\/div><\/div><\/div><\/div>            <\/div>                                      <\/div>    <\/div>  <\/div><\/div>","protected":false},"featured_media":4489,"parent":0,"template":"","class_list":["post-7196","archive_page","type-archive_page","status-publish","has-post-thumbnail","hentry"],"acf":{"id_old":"1754","category_old":"Etude de probl\u00e9matiques environnementales et\/ou soci\u00e9tales"},"_links":{"self":[{"href":"https:\/\/www.mio.osupytheas.fr\/fr\/wp-json\/wp\/v2\/archive_page\/7196","targetHints":{"allow":["GET"]}}],"collection":[{"href":"https:\/\/www.mio.osupytheas.fr\/fr\/wp-json\/wp\/v2\/archive_page"}],"about":[{"href":"https:\/\/www.mio.osupytheas.fr\/fr\/wp-json\/wp\/v2\/types\/archive_page"}],"wp:featuredmedia":[{"embeddable":true,"href":"https:\/\/www.mio.osupytheas.fr\/fr\/wp-json\/wp\/v2\/media\/4489"}],"wp:attachment":[{"href":"https:\/\/www.mio.osupytheas.fr\/fr\/wp-json\/wp\/v2\/media?parent=7196"}],"curies":[{"name":"wp","href":"https:\/\/api.w.org\/{rel}","templated":true}]}}