{"id":19734,"date":"2025-03-15T11:54:02","date_gmt":"2025-03-15T10:54:02","guid":{"rendered":"https:\/\/www.mio.osupytheas.fr\/?post_type=tribe_events&#038;p=19734"},"modified":"2025-03-19T20:17:35","modified_gmt":"2025-03-19T19:17:35","slug":"quel-avenir-pour-une-peche-durable-en-mediterranee","status":"publish","type":"tribe_events","link":"https:\/\/www.mio.osupytheas.fr\/fr\/agenda\/quel-avenir-pour-une-peche-durable-en-mediterranee\/","title":{"rendered":"Quel avenir pour une p\u00eache durable en M\u00e9diterran\u00e9e ?"},"content":{"rendered":"<p style=\"text-align: justify;\">Une table ronde sur le th\u00e8me <em>Quel avenir pour une p\u00eache durable en M\u00e9diterran\u00e9e ?<\/em> aura lieu le <strong>samedi 5 avril 2025<\/strong> de <strong>14h00<\/strong> \u00e0 <strong>16h15<\/strong>, H\u00f4tel de Ville de Marseille \u2013 Salle Bailli de Suffren, dans le cadre du master DDGTPMI de Institut de Management Public et Gouvernance Territoriale.\r\nEchanges avec des expert\u00b7es engag\u00e9\u00b7es pour une p\u00eache plus soucieuse de la M\u00e9diterran\u00e9e :<\/p>\r\n\r\n<ul style=\"text-align: justify;\">\r\n \t<li>Caroline Roose \u2013 D\u00e9put\u00e9e europ\u00e9enne sortante, autrice du livre &#8220;Pour les oc\u00e9ans &#8211; Vers une autre politique europ\u00e9enne de la p\u00eache&#8221;<\/li>\r\n \t<li>Augustin Lafond \u2013 Charg\u00e9 de recherche \u00e0 l\u2019association BLOOM Association<\/li>\r\n \t<li>Marie Bravo-Monin \u2013 Directrice du Parc Marin de la C\u00f4te Bleue<\/li>\r\n \t<li>Pierre Morera \u2013 P\u00eacheur et vice-pr\u00e9sident du Comit\u00e9 des p\u00eaches du Var<\/li>\r\n \t<li>Daniela Banaru \u2013 Enseignante-chercheuse au Mediterranean Institute of Oceanography MIO<\/li>\r\n<\/ul>\r\n<p style=\"text-align: justify;\">L&#8217;\u00e9v\u00e9nement est gratuit et ouvert \u00e0 toutes et tous sur inscriptions.<\/p>\r\n&nbsp;\r\n<h4><a href=\"https:\/\/lnkd.in\/ep3FKAaA\" target=\"_blank\" rel=\"noopener\"><strong>S&#8217;inscrire<\/strong><\/a><\/h4>","protected":false},"excerpt":{"rendered":"<p>Une table ronde sur le th\u00e8me Quel avenir pour une p\u00eache durable en M\u00e9diterran\u00e9e ? aura lieu le samedi 5 avril 2025 de 14h00 \u00e0 16h15, H\u00f4tel de Ville de [&hellip;]<\/p>\n","protected":false},"author":319,"featured_media":19736,"template":"","meta":{"_acf_changed":false,"_tribe_events_status":"","_tribe_events_status_reason":"","footnotes":""},"tags":[],"tribe_events_cat":[16,42],"class_list":["post-19734","tribe_events","type-tribe_events","status-publish","has-post-thumbnail","hentry","tribe_events_cat-evenement","tribe_events_cat-table-ronde","cat_evenement","cat_table-ronde"],"acf":[],"_links":{"self":[{"href":"https:\/\/www.mio.osupytheas.fr\/fr\/wp-json\/wp\/v2\/tribe_events\/19734","targetHints":{"allow":["GET"]}}],"collection":[{"href":"https:\/\/www.mio.osupytheas.fr\/fr\/wp-json\/wp\/v2\/tribe_events"}],"about":[{"href":"https:\/\/www.mio.osupytheas.fr\/fr\/wp-json\/wp\/v2\/types\/tribe_events"}],"author":[{"embeddable":true,"href":"https:\/\/www.mio.osupytheas.fr\/fr\/wp-json\/wp\/v2\/users\/319"}],"version-history":[{"count":4,"href":"https:\/\/www.mio.osupytheas.fr\/fr\/wp-json\/wp\/v2\/tribe_events\/19734\/revisions"}],"predecessor-version":[{"id":19740,"href":"https:\/\/www.mio.osupytheas.fr\/fr\/wp-json\/wp\/v2\/tribe_events\/19734\/revisions\/19740"}],"wp:featuredmedia":[{"embeddable":true,"href":"https:\/\/www.mio.osupytheas.fr\/fr\/wp-json\/wp\/v2\/media\/19736"}],"wp:attachment":[{"href":"https:\/\/www.mio.osupytheas.fr\/fr\/wp-json\/wp\/v2\/media?parent=19734"}],"wp:term":[{"taxonomy":"post_tag","embeddable":true,"href":"https:\/\/www.mio.osupytheas.fr\/fr\/wp-json\/wp\/v2\/tags?post=19734"},{"taxonomy":"tribe_events_cat","embeddable":true,"href":"https:\/\/www.mio.osupytheas.fr\/fr\/wp-json\/wp\/v2\/tribe_events_cat?post=19734"}],"curies":[{"name":"wp","href":"https:\/\/api.w.org\/{rel}","templated":true}]}}