{"id":20215,"date":"2025-03-19T19:37:41","date_gmt":"2025-03-19T18:37:41","guid":{"rendered":"https:\/\/www.mio.osupytheas.fr\/?post_type=tribe_events&#038;p=20215"},"modified":"2025-07-21T08:46:39","modified_gmt":"2025-07-21T06:46:39","slug":"exposition-oceans","status":"publish","type":"tribe_events","link":"https:\/\/www.mio.osupytheas.fr\/fr\/agenda\/exposition-oceans\/","title":{"rendered":"Exposition Oc\u00e9ans"},"content":{"rendered":"<h4 style=\"text-align: justify;\">Voyage en 8 escales \u00e0 la d\u00e9couverte des richesses de la mer au Mus\u00e9um d\u2019histoire naturelle de Marseille<\/h4>\r\n<p style=\"text-align: justify;\">Embarquez pour un voyage en 8 escales \u00e0 la d\u00e9couverte des oc\u00e9ans.\r\nUne merveilleuse occasion d\u2019explorer la beaut\u00e9 de la biodiversit\u00e9 marine et l\u2019importance de la mer, de nos soci\u00e9t\u00e9s \u00e0 nos vies quotidiennes.<\/p>\r\n<p style=\"text-align: justify;\">Profitant de la conf\u00e9rence des Nations Unies sur l\u2019Oc\u00e9an \u2013 UNOC (Nice, juin 2025) et de l\u2019ann\u00e9e nationale de l\u2019oc\u00e9an, le <a href=\"https:\/\/musees.marseille.fr\/museum-dhistoire-naturelle-de-marseille-mhnm-0\" target=\"_blank\" rel=\"noopener\">Mus\u00e9um d\u2019histoire naturelle de la Ville de Marseille<\/a> propose une nouvelle exposition temporaire r\u00e9alis\u00e9e en partenariat avec l\u2019<a href=\"https:\/\/osupytheas.fr\/\" target=\"_blank\" rel=\"noopener\">Observatoire des Sciences de l\u2019Univers Pyth\u00e9as<\/a> (CNRS, AMU, IRD, INRAE) et les chercheurs de deux de ses laboratoires \u2013 l\u2019<a href=\"https:\/\/www.mio.osupytheas.fr\/fr\/\" target=\"_blank\" rel=\"noopener\">Institut M\u00e9diterran\u00e9en d\u2019Oc\u00e9anologie<\/a> et l\u2019<a href=\"https:\/\/www.imbe.fr\/fr\/\" target=\"_blank\" rel=\"noopener\">Institut M\u00e9diterran\u00e9en de Biodiversit\u00e9 et d\u2019\u00c9cologie<\/a>. Elle sera l\u2019occasion de pr\u00e9senter une partie des collections patrimoniales du Mus\u00e9um.<\/p>\r\n<p style=\"text-align: justify;\">Les oc\u00e9ans sont souvent per\u00e7us comme des \u00e9cosyst\u00e8mes in\u00e9puisables. Toutefois, aussi riches soient-ils, leurs ressources sont limit\u00e9es. Elles sont de plus confront\u00e9es \u00e0 de nombreuses menaces parmi lesquelles les activit\u00e9s humaines et le changement climatique.<\/p>\r\n<p style=\"text-align: justify;\">Pour mieux les comprendre et les pr\u00e9server, voire les restaurer, les scientifiques les \u00e9tudient et partagent avec vous le fruit de leurs recherches.<\/p>\r\n<p style=\"text-align: justify;\">Ce voyage en huit escales vous permettra d\u2019aborder ce monde souvent m\u00e9connu sous diff\u00e9rents focus repr\u00e9sentatifs des \u00e9cosyst\u00e8mes sous-marins, de ce qu\u2019ils nous offrent ou encore des rapports que nous entretenons avec lui.<\/p>\r\n<p style=\"text-align: justify;\">Embarquez \u00e0 d\u00e9couverte de la beaut\u00e9 des oc\u00e9ans \u00e0 travers ces huit escales :<\/p>\r\n\r\n<ul>\r\n \t<li style=\"text-align: justify;\"><strong>Les herbiers de M\u00e9diterran\u00e9e<\/strong>\r\nLes herbiers de posidonie constituent une oasis de vie irrempla\u00e7able. Cette \u00e9tape m\u00e9diterran\u00e9enne vous fait d\u00e9couvrir une plante \u00e0 fleurs marines, qui abrite une biodiversit\u00e9 remarquable, contribuant \u00e0 la production des poissons que nous consommons.<\/li>\r\n \t<li style=\"text-align: justify;\"><strong>L\u2019oc\u00e9an : un monde v\u00e9g\u00e9tal<\/strong>\r\nLes herbiers de posidonie ne sont toutefois pas les seuls v\u00e9g\u00e9taux marins. En effet, les oc\u00e9ans abritent une multitude d\u2019algues et de micro-organismes capables de photosynth\u00e8se. Ce monde v\u00e9g\u00e9tal contribue \u00e0 l\u2019oxyg\u00e9nation de notre plan\u00e8te.<\/li>\r\n \t<li style=\"text-align: justify;\"><strong>Mayotte et ses r\u00e9cifs coralliens<\/strong>\r\nUn d\u00e9tour par Mayotte et l\u2019Oc\u00e9an indien vous emm\u00e8nera \u00e0 la d\u00e9couverte des barri\u00e8res de corail. Ce sont les plus grands monuments naturels construits par des animaux, indicateurs des changements climatiques.<\/li>\r\n \t<li style=\"text-align: justify;\"><strong>La ville et la mer : Marseille<\/strong>\r\nDe retour en M\u00e9diterran\u00e9e venez visiter les r\u00e9cifs artificiels du Prado et la biodiversit\u00e9 aux portes de Marseille. Vous pourrez vous attarder sur les diff\u00e9rents moyens de protection mis en \u0153uvre pour sauvegarder nos littoraux.<\/li>\r\n \t<li style=\"text-align: justify;\"><strong>Le voyage au large de Hosbarg \u00e0 Madagascar<\/strong>\r\nEn repartant pour un voyage au large, de Madagascar jusqu\u2019en Oc\u00e9anie, vous aurez un aper\u00e7u des explorations d\u2019hier et d\u2019aujourd\u2019hui, de l\u2019influence des oc\u00e9ans sur notre climat. L\u2019Atlantique a \u00e9galement des myst\u00e8res \u00e0 r\u00e9v\u00e9ler.<\/li>\r\n \t<li style=\"text-align: justify;\"><strong>Une plong\u00e9e de la surface aux profondeurs<\/strong>\r\nAvec une \u00e9tape dans la colonne d\u2019eau, observez les milliards d\u2019organismes microscopiques qui peuplent les oc\u00e9ans, mais \u00e9galement de petits et grands pr\u00e9dateurs. Certains vivent pr\u00e8s de la surface et de la source de lumi\u00e8re, d\u2019autres voyages jusqu\u2019aux profondeurs.<\/li>\r\n \t<li style=\"text-align: justify;\"><strong>Les grands fonds<\/strong>\r\nDans les grands fonds, sombres et pauvres en oxyg\u00e8ne, se d\u00e9veloppe malgr\u00e9 tout une vie \u00e9trange et tr\u00e8s particuli\u00e8re. Bien des myst\u00e8res sont encore \u00e0 d\u00e9couvrir dans les abysses.<\/li>\r\n \t<li style=\"text-align: justify;\"><strong>R\u00eaves de plages ou plages de r\u00eaves ?<\/strong>\r\nUne escale \u00e0 la plage, au cours du voyage, vous permettra de vous pencher sur notre vision de l\u2019ailleurs et de la biodiversit\u00e9 du littoral. Sous les palmiers et sur le sable chaud, ce sera l\u2019occasion de s\u2019interroger sur nos pratiques touristiques actuelles et ses impacts sur les \u00e9cosyst\u00e8mes c\u00f4tiers.<\/li>\r\n<\/ul>\r\n<p style=\"text-align: justify;\">Enfin, au d\u00e9tour des escales, l\u2019artiste<a href=\"https:\/\/www.sandrot.com\/\" target=\"_blank\" rel=\"noopener\"> SANDROT<\/a> a r\u00e9alis\u00e9 pour le Mus\u00e9um deux \u0153uvres graphiques, illustrant un duo de baleines \u00e0 bec qui se font face. Elles offrent un interm\u00e8de entre la M\u00e9diterran\u00e9e et le grand large.<\/p>\r\n<p style=\"text-align: justify;\">Larguez les amarres, le voyage commence !<\/p>\r\n&nbsp;\r\n<h4 style=\"text-align: justify;\"><strong>Informations pratiques<\/strong><\/h4>\r\n<p style=\"text-align: justify;\"><strong>Lieu<\/strong> : Mus\u00e9um d\u2019Histoire Naturelle, Palais Longchamp aile droite, Boulevard Philippon, 13004 Marseille 4\u00e8me<\/p>\r\n<p style=\"text-align: justify;\">Du mardi au dimanche de 9h \u00e0 18h.\r\nFerm\u00e9 le lundi.<\/p>\r\n<p style=\"text-align: justify;\"><strong>Ouvertures exceptionnelles<\/strong> : Lundi de P\u00e2ques, Jeudi de l\u2019Ascension, Lundi de Pentec\u00f4te<\/p>\r\n<p style=\"text-align: justify;\"><strong>Tarif<\/strong> : Gratuit pour toutes et tous<\/p>\r\n<p style=\"text-align: justify;\"><strong>Renseignements<\/strong> : <a href=\"https:\/\/musees.marseille.fr\/oceans\" target=\"_blank\" rel=\"noopener\">https:\/\/musees.marseille.fr\/oceans<\/a><\/p>\r\n<p style=\"text-align: justify;\">Exposition con\u00e7ue et r\u00e9alis\u00e9e en partenariat avec l\u2019Observatoire des Sciences de l\u2019Univers Pyth\u00e9as (Aix-Marseille-Universit\u00e9, CNRS, IRD, INRAE) et les chercheurs de deux de ses laboratoires \u2013 l\u2019Institut M\u00e9diterran\u00e9en d\u2019Oc\u00e9anologie (AMU, CNRS, IRD, Universit\u00e9 de Toulon) et l\u2019Institut M\u00e9diterran\u00e9en de Biodiversit\u00e9 et d\u2019\u00c9cologie marine et continentale (AMU, CNRS, IRD, Universit\u00e9 d\u2019Avignon)<\/p>\r\n<p style=\"text-align: justify;\"><strong>Exposition accompagn\u00e9e d\u2019\u0153uvres artistiques<\/strong> : Baleines du littoral marseillais, cr\u00e9ation sp\u00e9cifique de SANDROT<\/p>","protected":false},"excerpt":{"rendered":"<p>Voyage en 8 escales \u00e0 la d\u00e9couverte des richesses de la mer au Mus\u00e9um d\u2019histoire naturelle de Marseille Embarquez pour un voyage en 8 escales \u00e0 la d\u00e9couverte des oc\u00e9ans. [&hellip;]<\/p>\n","protected":false},"author":319,"featured_media":20216,"template":"","meta":{"_acf_changed":false,"_tribe_events_status":"","_tribe_events_status_reason":"","footnotes":""},"tags":[],"tribe_events_cat":[16,41,38],"class_list":["post-20215","tribe_events","type-tribe_events","status-publish","has-post-thumbnail","hentry","tribe_events_cat-evenement","tribe_events_cat-expositions","tribe_events_cat-mediation-scientifique","cat_evenement","cat_expositions","cat_mediation-scientifique"],"acf":[],"_links":{"self":[{"href":"https:\/\/www.mio.osupytheas.fr\/fr\/wp-json\/wp\/v2\/tribe_events\/20215","targetHints":{"allow":["GET"]}}],"collection":[{"href":"https:\/\/www.mio.osupytheas.fr\/fr\/wp-json\/wp\/v2\/tribe_events"}],"about":[{"href":"https:\/\/www.mio.osupytheas.fr\/fr\/wp-json\/wp\/v2\/types\/tribe_events"}],"author":[{"embeddable":true,"href":"https:\/\/www.mio.osupytheas.fr\/fr\/wp-json\/wp\/v2\/users\/319"}],"version-history":[{"count":5,"href":"https:\/\/www.mio.osupytheas.fr\/fr\/wp-json\/wp\/v2\/tribe_events\/20215\/revisions"}],"predecessor-version":[{"id":20224,"href":"https:\/\/www.mio.osupytheas.fr\/fr\/wp-json\/wp\/v2\/tribe_events\/20215\/revisions\/20224"}],"wp:featuredmedia":[{"embeddable":true,"href":"https:\/\/www.mio.osupytheas.fr\/fr\/wp-json\/wp\/v2\/media\/20216"}],"wp:attachment":[{"href":"https:\/\/www.mio.osupytheas.fr\/fr\/wp-json\/wp\/v2\/media?parent=20215"}],"wp:term":[{"taxonomy":"post_tag","embeddable":true,"href":"https:\/\/www.mio.osupytheas.fr\/fr\/wp-json\/wp\/v2\/tags?post=20215"},{"taxonomy":"tribe_events_cat","embeddable":true,"href":"https:\/\/www.mio.osupytheas.fr\/fr\/wp-json\/wp\/v2\/tribe_events_cat?post=20215"}],"curies":[{"name":"wp","href":"https:\/\/api.w.org\/{rel}","templated":true}]}}