{"id":23072,"date":"2025-08-29T16:17:47","date_gmt":"2025-08-29T14:17:47","guid":{"rendered":"https:\/\/www.mio.osupytheas.fr\/?post_type=tribe_events&#038;p=23072"},"modified":"2025-09-01T02:18:45","modified_gmt":"2025-09-01T00:18:45","slug":"3eme-edition-oceanes-atlantique-2025","status":"publish","type":"tribe_events","link":"https:\/\/www.mio.osupytheas.fr\/fr\/agenda\/3eme-edition-oceanes-atlantique-2025\/","title":{"rendered":"3\u00e8me \u00e9dition &#8211; Oc\u00e9anes Atlantique 2025"},"content":{"rendered":"<p style=\"text-align: justify;\">8 tables rondes, dont l&#8217;\u00e9tape D\u00e9bat public, 3 keynotes, 1 atelier.<\/p>\r\n<p style=\"text-align: justify;\">De l\u2019observation spatiale \u00e0 celle des fonds marins, jusqu\u2019\u00e0 l\u2019interface terre-mer, il est primordial que les diff\u00e9rents syst\u00e8mes de connaissance incluent les savoirs, repr\u00e9sentations et imaginaires des acteurs du littoral, et permettent ainsi de faire \u00e9voluer les comportements et les pratiques de celles et ceux (scientifiques, industriels, \u00e9lus, citoyens) qui travaillent et vivent \u00e0 l\u2019interface terre-mer, et en mer.<\/p>\r\n&nbsp;\r\n<h4><a href=\"https:\/\/www.les-oceanes-atlantique.com\/\" target=\"_blank\" rel=\"noopener\"><strong>En savoir plus<\/strong><\/a><\/h4>","protected":false},"excerpt":{"rendered":"<p>8 tables rondes, dont l&#8217;\u00e9tape D\u00e9bat public, 3 keynotes, 1 atelier. De l\u2019observation spatiale \u00e0 celle des fonds marins, jusqu\u2019\u00e0 l\u2019interface terre-mer, il est primordial que les diff\u00e9rents syst\u00e8mes de [&hellip;]<\/p>\n","protected":false},"author":319,"featured_media":23073,"template":"","meta":{"_acf_changed":false,"_tribe_events_status":"","_tribe_events_status_reason":"","footnotes":""},"tags":[],"tribe_events_cat":[23,16,42],"class_list":["post-23072","tribe_events","type-tribe_events","status-publish","has-post-thumbnail","hentry","tribe_events_cat-ateliers","tribe_events_cat-evenement","tribe_events_cat-table-ronde","cat_ateliers","cat_evenement","cat_table-ronde"],"acf":[],"_links":{"self":[{"href":"https:\/\/www.mio.osupytheas.fr\/fr\/wp-json\/wp\/v2\/tribe_events\/23072","targetHints":{"allow":["GET"]}}],"collection":[{"href":"https:\/\/www.mio.osupytheas.fr\/fr\/wp-json\/wp\/v2\/tribe_events"}],"about":[{"href":"https:\/\/www.mio.osupytheas.fr\/fr\/wp-json\/wp\/v2\/types\/tribe_events"}],"author":[{"embeddable":true,"href":"https:\/\/www.mio.osupytheas.fr\/fr\/wp-json\/wp\/v2\/users\/319"}],"version-history":[{"count":4,"href":"https:\/\/www.mio.osupytheas.fr\/fr\/wp-json\/wp\/v2\/tribe_events\/23072\/revisions"}],"predecessor-version":[{"id":23098,"href":"https:\/\/www.mio.osupytheas.fr\/fr\/wp-json\/wp\/v2\/tribe_events\/23072\/revisions\/23098"}],"wp:featuredmedia":[{"embeddable":true,"href":"https:\/\/www.mio.osupytheas.fr\/fr\/wp-json\/wp\/v2\/media\/23073"}],"wp:attachment":[{"href":"https:\/\/www.mio.osupytheas.fr\/fr\/wp-json\/wp\/v2\/media?parent=23072"}],"wp:term":[{"taxonomy":"post_tag","embeddable":true,"href":"https:\/\/www.mio.osupytheas.fr\/fr\/wp-json\/wp\/v2\/tags?post=23072"},{"taxonomy":"tribe_events_cat","embeddable":true,"href":"https:\/\/www.mio.osupytheas.fr\/fr\/wp-json\/wp\/v2\/tribe_events_cat?post=23072"}],"curies":[{"name":"wp","href":"https:\/\/api.w.org\/{rel}","templated":true}]}}