{"id":23177,"date":"2025-07-15T03:38:31","date_gmt":"2025-07-15T01:38:31","guid":{"rendered":"https:\/\/www.mio.osupytheas.fr\/?post_type=tribe_events&#038;p=23177"},"modified":"2025-10-24T11:16:55","modified_gmt":"2025-10-24T09:16:55","slug":"colloque-rim-2025-la-ville-et-leau-en-mediterranee-des-enjeux-pluriseculaires-devenus-critiques","status":"publish","type":"tribe_events","link":"https:\/\/www.mio.osupytheas.fr\/fr\/agenda\/colloque-rim-2025-la-ville-et-leau-en-mediterranee-des-enjeux-pluriseculaires-devenus-critiques\/","title":{"rendered":"Colloque RIM 2025 &#8211; La ville et l\u2019eau en M\u00e9diterran\u00e9e : des enjeux pluris\u00e9culaires devenus critiques"},"content":{"rendered":"<p style=\"text-align: justify;\">Organis\u00e9 par l\u2019Acad\u00e9mie des Sciences, Lettres et Arts de Marseille, sous l\u2019\u00e9gide de la F\u00e9d\u00e9ration des Rencontres Interacad\u00e9miques M\u00e9diterran\u00e9ennes (RIM), le colloque <em>La ville et l\u2019eau en M\u00e9diterran\u00e9e : <\/em><em>des enjeux pluris\u00e9culaires devenus critiques<\/em> r\u00e9unit historiens, g\u00e9ographes, architectes, scientifiques, \u00e9conomistes, ing\u00e9nieurs, penseurs et d\u00e9cideurs publics pour mieux comprendre ce que l\u2019eau r\u00e9v\u00e8le de nos soci\u00e9t\u00e9s pass\u00e9es, de nos vuln\u00e9rabilit\u00e9s pr\u00e9sentes et de nos responsabilit\u00e9s futures.<\/p>\r\n<p style=\"text-align: justify;\">Entr\u00e9e libre dans la limite des places disponibles, tout public.<\/p>\r\n&nbsp;\r\n<h4><a href=\"https:\/\/www.mio.osupytheas.fr\/wp-content\/uploads\/2025\/09\/Resume-RIM.pdf\" target=\"_blank\" rel=\"noopener\"><strong>R\u00e9sum\u00e9s des interventions<\/strong><\/a><\/h4>\r\n<h4><a href=\"https:\/\/www.mio.osupytheas.fr\/wp-content\/uploads\/2025\/09\/Programme-RIM.pdf\" target=\"_blank\" rel=\"noopener\"><strong>Programme<\/strong><\/a><\/h4>","protected":false},"excerpt":{"rendered":"<p>Organis\u00e9 par l\u2019Acad\u00e9mie des Sciences, Lettres et Arts de Marseille, sous l\u2019\u00e9gide de la F\u00e9d\u00e9ration des Rencontres Interacad\u00e9miques M\u00e9diterran\u00e9ennes (RIM), le colloque La ville et l\u2019eau en M\u00e9diterran\u00e9e : des [&hellip;]<\/p>\n","protected":false},"author":319,"featured_media":23179,"template":"","meta":{"_acf_changed":false,"_tribe_events_status":"","_tribe_events_status_reason":"","footnotes":""},"tags":[],"tribe_events_cat":[6,16,53],"class_list":["post-23177","tribe_events","type-tribe_events","status-publish","has-post-thumbnail","hentry","tribe_events_cat-colloques","tribe_events_cat-evenement","tribe_events_cat-hors-mio-hebdo","cat_colloques","cat_evenement","cat_hors-mio-hebdo"],"acf":[],"_links":{"self":[{"href":"https:\/\/www.mio.osupytheas.fr\/fr\/wp-json\/wp\/v2\/tribe_events\/23177","targetHints":{"allow":["GET"]}}],"collection":[{"href":"https:\/\/www.mio.osupytheas.fr\/fr\/wp-json\/wp\/v2\/tribe_events"}],"about":[{"href":"https:\/\/www.mio.osupytheas.fr\/fr\/wp-json\/wp\/v2\/types\/tribe_events"}],"author":[{"embeddable":true,"href":"https:\/\/www.mio.osupytheas.fr\/fr\/wp-json\/wp\/v2\/users\/319"}],"version-history":[{"count":5,"href":"https:\/\/www.mio.osupytheas.fr\/fr\/wp-json\/wp\/v2\/tribe_events\/23177\/revisions"}],"predecessor-version":[{"id":23186,"href":"https:\/\/www.mio.osupytheas.fr\/fr\/wp-json\/wp\/v2\/tribe_events\/23177\/revisions\/23186"}],"wp:featuredmedia":[{"embeddable":true,"href":"https:\/\/www.mio.osupytheas.fr\/fr\/wp-json\/wp\/v2\/media\/23179"}],"wp:attachment":[{"href":"https:\/\/www.mio.osupytheas.fr\/fr\/wp-json\/wp\/v2\/media?parent=23177"}],"wp:term":[{"taxonomy":"post_tag","embeddable":true,"href":"https:\/\/www.mio.osupytheas.fr\/fr\/wp-json\/wp\/v2\/tags?post=23177"},{"taxonomy":"tribe_events_cat","embeddable":true,"href":"https:\/\/www.mio.osupytheas.fr\/fr\/wp-json\/wp\/v2\/tribe_events_cat?post=23177"}],"curies":[{"name":"wp","href":"https:\/\/api.w.org\/{rel}","templated":true}]}}