{"id":29444,"date":"2026-08-31T02:34:01","date_gmt":"2026-08-31T00:34:01","guid":{"rendered":"https:\/\/www.mio.osupytheas.fr\/?post_type=tribe_events&#038;p=29444"},"modified":"2026-08-31T02:35:41","modified_gmt":"2026-08-31T00:35:41","slug":"festival-des-sciences-et-des-arts-2026-de-meduse-aux-meduses-de-figure-mythologique-a-symbole-ecologique","status":"publish","type":"tribe_events","link":"https:\/\/www.mio.osupytheas.fr\/fr\/agenda\/festival-des-sciences-et-des-arts-2026-de-meduse-aux-meduses-de-figure-mythologique-a-symbole-ecologique\/","title":{"rendered":"Festival des Sciences et des Arts 2026 \/ De M\u00e9duse aux m\u00e9duses : de figure mythologique \u00e0 symbole \u00e9cologique"},"content":{"rendered":"<p style=\"text-align: justify;\"><strong>Jeudi 17 &amp; Vendredi 18 septembre 2026<\/strong> au Forum du MUCEM de <strong>16h00<\/strong> \u00e0 <strong>18h00<\/strong>.<\/p>\r\n<p style=\"text-align: justify;\">A l\u2019occasion du <a href=\"https:\/\/festival-sciences-arts.univ-amu.fr\/fr\/festival\" target=\"_blank\" rel=\"noopener\"><em>Festival interdisciplinaire des Sciences et des Arts 2026<\/em><\/a> d\u2019Aix Marseille Universit\u00e9 sur le th\u00e8me \u00ab <em>Humain\/Animal. Une aventure commune ?<\/em> \u00bb nous sommes heureux de vous inviter au parcours <a href=\"https:\/\/festival-sciences-arts.univ-amu.fr\/fr\/de-meduse-aux-meduses-de-figure-mythologique-symbole-ecologique\" target=\"_blank\" rel=\"noopener\"><em><strong>De M\u00e9duse aux m\u00e9duses : de figure mythologique \u00e0 symbole \u00e9cologique<\/strong><\/em><\/a>.<\/p>\r\n<p style=\"text-align: justify;\">Longtemps associ\u00e9es \u00e0 la figure mythologique de M\u00e9duse, les m\u00e9duses incarnent \u00e0 la fois fascination et r\u00e9pulsion. Leur apparence g\u00e9latineuse, leur pouvoir urticant et leur \u00e9trange beaut\u00e9 ont nourri des r\u00e9cits o\u00f9 elles symbolisent le danger, l&#8217;alt\u00e9rit\u00e9 ou des forces naturelles insaisissables. \u00c0 travers ces repr\u00e9sentations, elles r\u00e9v\u00e8lent autant notre rapport aux mondes marins que notre mani\u00e8re de percevoir, comprendre et imaginer le vivant.<\/p>\r\n<p style=\"text-align: justify;\">Cette installation propose un parcours immersif retra\u00e7ant l&#8217;\u00e9volution des repr\u00e9sentations des m\u00e9duses, des r\u00e9cits mythologiques aux approches scientifiques, artistiques et \u00e9cologiques contemporaines. Organis\u00e9 selon une progression chronologique, il met en dialogue illustrations naturalistes, \u00e9tudes scientifiques et cr\u00e9ations plastiques afin de montrer comment les regards port\u00e9s sur ces organismes se sont transform\u00e9s au fil du temps.<\/p>\r\n<p style=\"text-align: justify;\">L&#8217;installation invite \u00e9galement \u00e0 interroger les enjeux environnementaux actuels. Souvent pr\u00e9sent\u00e9es comme des \u00ab sympt\u00f4mes \u00bb du changement global, les m\u00e9duses sont associ\u00e9es au r\u00e9chauffement climatique, \u00e0 la surp\u00eache et \u00e0 la d\u00e9gradation des \u00e9cosyst\u00e8mes marins. Pourtant, pr\u00e9sentes dans les oc\u00e9ans depuis plus de 650 millions d&#8217;ann\u00e9es, elles subissent elles aussi ces bouleversements, ce qui nous invite \u00e0 nuancer cette vision.<\/p>\r\n<p style=\"text-align: justify;\">Une dimension participative compl\u00e8te le parcours : les visiteurs sont invit\u00e9s \u00e0 cr\u00e9er leur propre m\u00e9duse \u00e0 partir de mat\u00e9riaux de r\u00e9cup\u00e9ration, une mani\u00e8re d&#8217;explorer par la pratique artistique les \u00e9motions, les imaginaires et les repr\u00e9sentations que suscitent ces organismes. En croisant histoire environnementale, arts et \u00e9cologie marine, cette proposition invite \u00e0 repenser la place des m\u00e9duses dans notre imaginaire et notre relation aux oc\u00e9ans.<\/p>\r\n<p style=\"text-align: justify;\">Avec :<\/p>\r\n\r\n<ul>\r\n \t<li style=\"text-align: justify;\">Louise Merquiol (artiste-chercheuse en post-doctorat, Institut M\u00e9diterran\u00e9e d&#8217;Oc\u00e9anologie-MIO)<\/li>\r\n \t<li style=\"text-align: justify;\">Anne-Sophie Tribot (\u00e9cologue, chaire de professeur junior \u00e0 TELEMMe, amu-CNRS)<\/li>\r\n \t<li style=\"text-align: justify;\">Alicia Pasquet-Forster (doctorante en psychologie sociale et environnementale)<\/li>\r\n \t<li style=\"text-align: justify;\">Thomas Changeux (hydrobiologiste sp\u00e9cialiste en \u00e9cologie des p\u00eaches, Institut M\u00e9diterran\u00e9en d\u2019Oc\u00e9anologie-MIO).<\/li>\r\n<\/ul>","protected":false},"excerpt":{"rendered":"<p>Jeudi 17 &amp; Vendredi 18 septembre 2026 au Forum du MUCEM de 16h00 \u00e0 18h00. A l\u2019occasion du Festival interdisciplinaire des Sciences et des Arts 2026 d\u2019Aix Marseille Universit\u00e9 sur [&hellip;]<\/p>\n","protected":false},"author":319,"featured_media":29172,"template":"","meta":{"_acf_changed":false,"_tribe_events_status":"","_tribe_events_status_reason":"","footnotes":""},"tags":[],"tribe_events_cat":[16,38],"class_list":["post-29444","tribe_events","type-tribe_events","status-publish","has-post-thumbnail","hentry","tribe_events_cat-evenement","tribe_events_cat-mediation-scientifique","cat_evenement","cat_mediation-scientifique"],"acf":[],"_links":{"self":[{"href":"https:\/\/www.mio.osupytheas.fr\/fr\/wp-json\/wp\/v2\/tribe_events\/29444","targetHints":{"allow":["GET"]}}],"collection":[{"href":"https:\/\/www.mio.osupytheas.fr\/fr\/wp-json\/wp\/v2\/tribe_events"}],"about":[{"href":"https:\/\/www.mio.osupytheas.fr\/fr\/wp-json\/wp\/v2\/types\/tribe_events"}],"author":[{"embeddable":true,"href":"https:\/\/www.mio.osupytheas.fr\/fr\/wp-json\/wp\/v2\/users\/319"}],"version-history":[{"count":3,"href":"https:\/\/www.mio.osupytheas.fr\/fr\/wp-json\/wp\/v2\/tribe_events\/29444\/revisions"}],"predecessor-version":[{"id":29447,"href":"https:\/\/www.mio.osupytheas.fr\/fr\/wp-json\/wp\/v2\/tribe_events\/29444\/revisions\/29447"}],"wp:attachment":[{"href":"https:\/\/www.mio.osupytheas.fr\/fr\/wp-json\/wp\/v2\/media?parent=29444"}],"wp:term":[{"taxonomy":"post_tag","embeddable":true,"href":"https:\/\/www.mio.osupytheas.fr\/fr\/wp-json\/wp\/v2\/tags?post=29444"},{"taxonomy":"tribe_events_cat","embeddable":true,"href":"https:\/\/www.mio.osupytheas.fr\/fr\/wp-json\/wp\/v2\/tribe_events_cat?post=29444"}],"curies":[{"name":"wp","href":"https:\/\/api.w.org\/{rel}","templated":true}]}}